{"id":1068,"date":"2022-08-16T19:22:25","date_gmt":"2022-08-16T19:22:25","guid":{"rendered":"http:\/\/localhost\/epemapaa\/?page_id=1068"},"modified":"2022-09-16T15:55:41","modified_gmt":"2022-09-16T15:55:41","slug":"lotaip-2020","status":"publish","type":"page","link":"https:\/\/emapa.gob.ec\/?page_id=1068","title":{"rendered":"Lotaip 2020"},"content":{"rendered":"\t\t<div data-elementor-type=\"wp-page\" data-elementor-id=\"1068\" class=\"elementor elementor-1068\">\n\t\t\t\t\t\t<section class=\"elementor-section elementor-top-section elementor-element elementor-element-3337367 elementor-section-boxed elementor-section-height-default elementor-section-height-default\" data-id=\"3337367\" data-element_type=\"section\" data-e-type=\"section\">\n\t\t\t\t\t\t<div class=\"elementor-container elementor-column-gap-default\">\n\t\t\t\t\t<div class=\"elementor-column elementor-col-100 elementor-top-column elementor-element elementor-element-d52367f\" data-id=\"d52367f\" data-element_type=\"column\" data-e-type=\"column\">\n\t\t\t<div class=\"elementor-widget-wrap elementor-element-populated\">\n\t\t\t\t\t\t<div class=\"elementor-element elementor-element-14bb856 animated-slow elementor-invisible elementor-widget elementor-widget-image\" data-id=\"14bb856\" data-element_type=\"widget\" data-e-type=\"widget\" data-settings=\"{&quot;_animation&quot;:&quot;fadeInDown&quot;}\" data-widget_type=\"image.default\">\n\t\t\t\t<div class=\"elementor-widget-container\">\n\t\t\t\t\t\t\t\t\t\t\t\t\t\t\t<img loading=\"lazy\" decoding=\"async\" width=\"2800\" height=\"600\" src=\"https:\/\/emapa.gob.ec\/wp-content\/uploads\/2022\/08\/Transparencia.jpg\" class=\"attachment-full size-full wp-image-257\" alt=\"\" \/>\t\t\t\t\t\t\t\t\t\t\t\t\t\t\t<\/div>\n\t\t\t\t<\/div>\n\t\t\t\t\t<\/div>\n\t\t<\/div>\n\t\t\t\t\t<\/div>\n\t\t<\/section>\n\t\t\t\t<section class=\"elementor-section elementor-top-section elementor-element elementor-element-wn9utul elementor-section-content-top animated-slow elementor-section-boxed elementor-section-height-default elementor-section-height-default elementor-invisible\" data-id=\"wn9utul\" data-element_type=\"section\" data-e-type=\"section\" data-settings=\"{&quot;background_background&quot;:&quot;classic&quot;,&quot;animation&quot;:&quot;fadeInUp&quot;}\">\n\t\t\t\t\t\t\t<div class=\"elementor-background-overlay\"><\/div>\n\t\t\t\t\t\t\t<div class=\"elementor-container elementor-column-gap-no\">\n\t\t\t\t\t<div class=\"elementor-column elementor-col-100 elementor-top-column elementor-element elementor-element-7882748\" data-id=\"7882748\" data-element_type=\"column\" data-e-type=\"column\">\n\t\t\t<div class=\"elementor-widget-wrap elementor-element-populated\">\n\t\t\t\t\t\t<div class=\"elementor-element elementor-element-9fc6712 elementor-widget elementor-widget-heading\" data-id=\"9fc6712\" data-element_type=\"widget\" data-e-type=\"widget\" data-widget_type=\"heading.default\">\n\t\t\t\t<div class=\"elementor-widget-container\">\n\t\t\t\t\t<h2 class=\"elementor-heading-title elementor-size-default\">LOTAIP 2020<\/h2>\t\t\t\t<\/div>\n\t\t\t\t<\/div>\n\t\t\t\t<div class=\"elementor-element elementor-element-631b990 elementor-widget elementor-widget-accordion\" data-id=\"631b990\" data-element_type=\"widget\" data-e-type=\"widget\" data-widget_type=\"accordion.default\">\n\t\t\t\t<div class=\"elementor-widget-container\">\n\t\t\t\t\t\t\t<div class=\"elementor-accordion\">\n\t\t\t\t\t\t\t<div class=\"elementor-accordion-item\">\n\t\t\t\t\t<div id=\"elementor-tab-title-1031\" class=\"elementor-tab-title\" data-tab=\"1\" role=\"button\" aria-controls=\"elementor-tab-content-1031\" aria-expanded=\"false\">\n\t\t\t\t\t\t\t\t\t\t\t\t\t<span class=\"elementor-accordion-icon elementor-accordion-icon-right\" aria-hidden=\"true\">\n\t\t\t\t\t\t\t\t\t\t\t\t\t\t\t<span class=\"elementor-accordion-icon-closed\"><i class=\"fas fa-plus-circle\"><\/i><\/span>\n\t\t\t\t\t\t\t\t<span class=\"elementor-accordion-icon-opened\"><i class=\"fas fa-minus-circle\"><\/i><\/span>\n\t\t\t\t\t\t\t\t\t\t\t\t\t\t<\/span>\n\t\t\t\t\t\t\t\t\t\t\t\t<a class=\"elementor-accordion-title\" tabindex=\"0\">Enero<\/a>\n\t\t\t\t\t<\/div>\n\t\t\t\t\t<div id=\"elementor-tab-content-1031\" class=\"elementor-tab-content elementor-clearfix\" data-tab=\"1\" role=\"region\" aria-labelledby=\"elementor-tab-title-1031\"><p>Informaci\u00f3n correspondiente al mes de Diciembre del 2019<br \/><a class=\"w3-bar-item w3-button\" href=\"https:\/\/emapa.gob.ec\/portal\/wp-content\/uploads\/2020\/01\/Diciembre-2019-a1-Estructura-org\u00e1nica-funcional.pdf\" target=\"_blank\" rel=\"noopener\">a1) Estructura org\u00e1nica funcional<\/a><br \/><a class=\"w3-bar-item w3-button\" href=\"https:\/\/emapa.gob.ec\/portal\/wp-content\/uploads\/2020\/01\/Diciembre-2019-a2-Base-legal-que-la-rige.pdf\" target=\"_blank\" rel=\"noopener\">a2) Base legal que la rige<\/a><br \/><a class=\"w3-bar-item w3-button\" href=\"https:\/\/emapa.gob.ec\/portal\/wp-content\/uploads\/2020\/01\/Diciembre-2019-a3-Regulaciones-y-procedimientos-internos.pdf\" target=\"_blank\" rel=\"noopener\">a3) Regulaciones y procedimientos internos<\/a><br \/><a class=\"w3-bar-item w3-button\" href=\"https:\/\/emapa.gob.ec\/portal\/wp-content\/uploads\/2020\/01\/Diciembre-2019-a4-Metas-y-objetivos-unidades-administrativas.pdf\" target=\"_blank\" rel=\"noopener\">a4) Metas y objetivos de las unidades administrativas<\/a><br \/><a class=\"w3-bar-item w3-button\" href=\"https:\/\/emapa.gob.ec\/portal\/wp-content\/uploads\/2020\/01\/Diciembre-2019-b1-Directorio-completo-de-la-instituci\u00f3n.pdf\" target=\"_blank\" rel=\"noopener\">b1) Directorio completo de la instituci\u00f3n<\/a><br \/><a class=\"w3-bar-item w3-button\" href=\"https:\/\/emapa.gob.ec\/portal\/wp-content\/uploads\/2020\/01\/Diciembre-2019-b2-Distributivo-de-personal-de-la-instituci\u00f3n.pdf\" target=\"_blank\" rel=\"noopener\">b2) Distributivo de personal<\/a><br \/><a class=\"w3-bar-item w3-button\" href=\"https:\/\/emapa.gob.ec\/portal\/wp-content\/uploads\/2020\/01\/Diciembre-2019-c-Remuneraci\u00f3n-mensual-por-puesto.pdf\" target=\"_blank\" rel=\"noopener\">c) Remuneraci\u00f3n mensual por puesto<\/a><br \/><a class=\"w3-bar-item w3-button\" href=\"https:\/\/emapa.gob.ec\/portal\/wp-content\/uploads\/2020\/01\/Diciembre-2019-d-Servicios-que-ofrece-y-las-formas-de-acceder-a-ellos.pdf\" target=\"_blank\" rel=\"noopener\">d) Servicios que ofrece y las formas de acceder a ellos<\/a><br \/><a class=\"w3-bar-item w3-button\" href=\"https:\/\/emapa.gob.ec\/portal\/wp-content\/uploads\/2020\/01\/Diciembre-2019-e-Texto-integro-de-contratos-colectivos.pdf\" target=\"_blank\" rel=\"noopener\">e) Texto \u00edntegro de contratos colectivos vigentes<\/a><br \/><a class=\"w3-bar-item w3-button\" href=\"https:\/\/emapa.gob.ec\/portal\/wp-content\/uploads\/2020\/01\/Diciembre-2019-f1-Formularios-y-formatos-de-solicitudes.pdf\" target=\"_blank\" rel=\"noopener\">f1) Formularios o formatos de solicitudes<\/a><br \/><a class=\"w3-bar-item w3-button\" href=\"https:\/\/emapa.gob.ec\/portal\/wp-content\/uploads\/2018\/05\/Enero-2018-f2-Formulario-acceso-a-la-informaci\u00f3n-publica.pdf\" target=\"_blank\" rel=\"noopener\">f2) Formato para solicitudes de acceso a la informaci\u00f3n p\u00fablica<\/a><br \/><a class=\"w3-bar-item w3-button\" target=\"_blank\">g) Presupuesto de la instituci\u00f3n<\/a><br \/><a class=\"w3-bar-item w3-button\" href=\"https:\/\/emapa.gob.ec\/portal\/wp-content\/uploads\/2020\/01\/Diciembre-2019-h-Resultados-de-las-auditor\u00edas-internas-y-gubernamentales.pdf\" target=\"_blank\" rel=\"noopener\">h) Resultados de auditorias internas y gubernamentales<\/a><br \/><a class=\"w3-bar-item w3-button\" target=\"_blank\">i) Procesos de contrataciones<\/a><br \/><a class=\"w3-bar-item w3-button\" href=\"https:\/\/emapa.gob.ec\/portal\/wp-content\/uploads\/2020\/01\/Diciembre-2019-j-Empresas-y-personas-que-han-incumplido-contratos.pdf\" target=\"_blank\" rel=\"noopener\">j) Empresas y personas que han incumplido contratos<\/a><br \/><a class=\"w3-bar-item w3-button\" href=\"https:\/\/emapa.gob.ec\/portal\/wp-content\/uploads\/2020\/01\/Diciembre-2019-k-Planes-y-programas-en-ejecucion.pdf\" target=\"_blank\" rel=\"noopener\">k) Planes y programas en ejecuci\u00f3n<\/a><br \/><a class=\"w3-bar-item w3-button\" href=\"https:\/\/emapa.gob.ec\/portal\/wp-content\/uploads\/2020\/01\/Diciembre-2019-l-Contratos-de-cr\u00e9ditos-externos-o-interno.pdf\" target=\"_blank\" rel=\"noopener\">l) Contratos de cr\u00e9ditos externos e internos<\/a><br \/><a class=\"w3-bar-item w3-button\" href=\"https:\/\/emapa.gob.ec\/portal\/wp-content\/uploads\/2020\/01\/Diciembre-2019-m-Mecanismos-de-rendici\u00f3n-de-cuentas-a-la-ciudadan\u00eda.pdf?_t=1661268618\" target=\"_blank\" rel=\"noopener\">m) Mecanismos de rendici\u00f3n de cuentas a la ciudadan\u00eda<\/a><br \/><a class=\"w3-bar-item w3-button\" href=\"https:\/\/emapa.gob.ec\/portal\/wp-content\/uploads\/2020\/01\/Diciembre-2019-n-Vi\u00e1ticos-informes-de-trabajo-y-justificativo.pdf\" target=\"_blank\" rel=\"noopener\">n) Vi\u00e1ticos, informes de trabajo y justificativos<\/a><br \/><a class=\"w3-bar-item w3-button\" href=\"https:\/\/emapa.gob.ec\/portal\/wp-content\/uploads\/2019\/12\/Noviembre-2019-o-Responsable-de-atender-la-informaci%C3%B3n-p%C3%BAblica.pdf?_t=1661267070\" target=\"_blank\" rel=\"noopener\">o) Responsable de atender la informaci\u00f3n p\u00fablica<\/a><\/p><\/div>\n\t\t\t\t<\/div>\n\t\t\t\t\t\t\t<div class=\"elementor-accordion-item\">\n\t\t\t\t\t<div id=\"elementor-tab-title-1032\" class=\"elementor-tab-title\" data-tab=\"2\" role=\"button\" aria-controls=\"elementor-tab-content-1032\" aria-expanded=\"false\">\n\t\t\t\t\t\t\t\t\t\t\t\t\t<span class=\"elementor-accordion-icon elementor-accordion-icon-right\" aria-hidden=\"true\">\n\t\t\t\t\t\t\t\t\t\t\t\t\t\t\t<span class=\"elementor-accordion-icon-closed\"><i class=\"fas fa-plus-circle\"><\/i><\/span>\n\t\t\t\t\t\t\t\t<span class=\"elementor-accordion-icon-opened\"><i class=\"fas fa-minus-circle\"><\/i><\/span>\n\t\t\t\t\t\t\t\t\t\t\t\t\t\t<\/span>\n\t\t\t\t\t\t\t\t\t\t\t\t<a class=\"elementor-accordion-title\" tabindex=\"0\">Febrero<\/a>\n\t\t\t\t\t<\/div>\n\t\t\t\t\t<div id=\"elementor-tab-content-1032\" class=\"elementor-tab-content elementor-clearfix\" data-tab=\"2\" role=\"region\" aria-labelledby=\"elementor-tab-title-1032\"><p>Informaci\u00f3n correspondiente al mes de Enero del 2020<\/p><p><a class=\"w3-bar-item w3-button\" href=\"https:\/\/emapa.gob.ec\/portal\/wp-content\/uploads\/2020\/02\/Enero-2020-a1-Estructura-org\u00e1nica-funcional.pdf\" target=\"_blank\" rel=\"noopener\">a1) Estructura org\u00e1nica funcional<\/a><br \/><a class=\"w3-bar-item w3-button\" href=\"https:\/\/emapa.gob.ec\/portal\/wp-content\/uploads\/2020\/02\/Enero-2020-a2-Base-legal-que-la-rige.pdf\" target=\"_blank\" rel=\"noopener\">a2) Base legal que la rige<\/a><br \/><a class=\"w3-bar-item w3-button\" href=\"https:\/\/emapa.gob.ec\/portal\/wp-content\/uploads\/2020\/02\/Enero-2020-a3-Regulaciones-y-procedimientos-internos.pdf\" target=\"_blank\" rel=\"noopener\">a3) Regulaciones y procedimientos internos<\/a><br \/><a class=\"w3-bar-item w3-button\" href=\"https:\/\/emapa.gob.ec\/portal\/wp-content\/uploads\/2020\/02\/Enero-2020-a4-Metas-y-objetivos-unidades-administrativas.pdf\" target=\"_blank\" rel=\"noopener\">a4) Metas y objetivos de las unidades administrativas<\/a><br \/><a class=\"w3-bar-item w3-button\" href=\"https:\/\/emapa.gob.ec\/portal\/wp-content\/uploads\/2020\/02\/Enero-2020-b1-Directorio-completo-de-la-instituci\u00f3n.pdf\" target=\"_blank\" rel=\"noopener\">b1) Directorio completo de la instituci\u00f3n<\/a><br \/><a class=\"w3-bar-item w3-button\" href=\"https:\/\/emapa.gob.ec\/portal\/wp-content\/uploads\/2020\/02\/Enero-2020-b2-Distributivo-de-personal-de-la-instituci\u00f3n.pdf\" target=\"_blank\" rel=\"noopener\">b2) Distributivo de personal<\/a><br \/><a class=\"w3-bar-item w3-button\" href=\"https:\/\/emapa.gob.ec\/portal\/wp-content\/uploads\/2020\/02\/Enero-2020-c-Remuneraci\u00f3n-mensual-por-puesto.pdf\" target=\"_blank\" rel=\"noopener\">c) Remuneraci\u00f3n mensual por puesto<\/a><br \/><a class=\"w3-bar-item w3-button\" href=\"https:\/\/emapa.gob.ec\/portal\/wp-content\/uploads\/2020\/02\/Enero-2020-d-Servicios-que-ofrece-y-las-formas-de-acceder-a-ellos.pdf\" target=\"_blank\" rel=\"noopener\">d) Servicios que ofrece y las formas de acceder a ellos<\/a><br \/><a class=\"w3-bar-item w3-button\" href=\"https:\/\/emapa.gob.ec\/portal\/wp-content\/uploads\/2020\/02\/Enero-2020-e-Texto-integro-de-contratos-colectivos.pdf\" target=\"_blank\" rel=\"noopener\">e) Texto \u00edntegro de contratos colectivos vigentes<\/a><br \/><a class=\"w3-bar-item w3-button\" href=\"https:\/\/emapa.gob.ec\/portal\/wp-content\/uploads\/2020\/02\/Enero-2020-f1-Formularios-y-formatos-de-solicitudes.pdf\" target=\"_blank\" rel=\"noopener\">f1) Formularios o formatos de solicitudes<\/a><br \/><a class=\"w3-bar-item w3-button\" href=\"https:\/\/emapa.gob.ec\/portal\/wp-content\/uploads\/2018\/05\/Enero-2018-f2-Formulario-acceso-a-la-informaci\u00f3n-publica.pdf\" target=\"_blank\" rel=\"noopener\">f2) Formato para solicitudes de acceso a la informaci\u00f3n p\u00fablica<\/a><br \/><a class=\"w3-bar-item w3-button\" href=\"https:\/\/emapa.gob.ec\/portal\/wp-content\/uploads\/2020\/06\/Enero-2020-g-Presupuesto-de-la-Instituci\u00f3n.pdf\" target=\"_blank\" rel=\"noopener\">g) Presupuesto de la instituci\u00f3n<\/a><br \/><a class=\"w3-bar-item w3-button\" href=\"https:\/\/emapa.gob.ec\/portal\/wp-content\/uploads\/2020\/02\/Enero-2020-h-Resultados-de-las-auditor\u00edas-internas-y-gubernamentales.pdf\" target=\"_blank\" rel=\"noopener\">h) Resultados de auditorias internas y gubernamentales<\/a><br \/><a class=\"w3-bar-item w3-button\" href=\"https:\/\/emapa.gob.ec\/portal\/wp-content\/uploads\/2020\/05\/Abril-2020-i-Procesos-de-contrataciones.pdf\" target=\"_blank\" rel=\"noopener\">i) Procesos de contrataciones<\/a><br \/><a class=\"w3-bar-item w3-button\" href=\"https:\/\/emapa.gob.ec\/portal\/wp-content\/uploads\/2020\/02\/Enero-2020-j-Empresas-y-personas-que-han-incumplido-contratos.pdf\" target=\"_blank\" rel=\"noopener\">j) Empresas y personas que han incumplido contratos<\/a><br \/><a class=\"w3-bar-item w3-button\" href=\"https:\/\/emapa.gob.ec\/portal\/wp-content\/uploads\/2020\/02\/Enero-2020-k-Planes-y-programas-en-ejecucion.pdf\" target=\"_blank\" rel=\"noopener\">k) Planes y programas en ejecuci\u00f3n<\/a><br \/><a class=\"w3-bar-item w3-button\" href=\"https:\/\/emapa.gob.ec\/portal\/wp-content\/uploads\/2020\/02\/Enero-2020-l-Contratos-de-cr\u00e9ditos-externos-o-interno.pdf\" target=\"_blank\" rel=\"noopener\">l) Contratos de cr\u00e9ditos externos e internos<\/a><br \/><a class=\"w3-bar-item w3-button\" target=\"_blank\" rel=\"noopener\">m) Mecanismos de rendici\u00f3n de cuentas a la ciudadan\u00eda<\/a><br \/><a class=\"w3-bar-item w3-button\" href=\"https:\/\/emapa.gob.ec\/portal\/wp-content\/uploads\/2020\/02\/Enero-2020-n-Vi\u00e1ticos-informes-de-trabajo-y-justificativo.pdf\" target=\"_blank\" rel=\"noopener\">n) Vi\u00e1ticos, informes de trabajo y justificativos<\/a><br \/><a class=\"w3-bar-item w3-button\" href=\"https:\/\/emapa.gob.ec\/portal\/wp-content\/uploads\/2020\/02\/Enero-2020-o-Responsable-de-atender-la-informaci\u00f3n-p\u00fablica.pdf\" target=\"_blank\" rel=\"noopener\">o) Responsable de atender la informaci\u00f3n p\u00fablica<\/a><br \/><a class=\"w3-bar-item w3-button\" target=\"_blank\" rel=\"noopener\">s) Plan de Desarrollo Local y Ordenamiento Territorial<\/a><\/p><\/div>\n\t\t\t\t<\/div>\n\t\t\t\t\t\t\t<div class=\"elementor-accordion-item\">\n\t\t\t\t\t<div id=\"elementor-tab-title-1033\" class=\"elementor-tab-title\" data-tab=\"3\" role=\"button\" aria-controls=\"elementor-tab-content-1033\" aria-expanded=\"false\">\n\t\t\t\t\t\t\t\t\t\t\t\t\t<span class=\"elementor-accordion-icon elementor-accordion-icon-right\" aria-hidden=\"true\">\n\t\t\t\t\t\t\t\t\t\t\t\t\t\t\t<span class=\"elementor-accordion-icon-closed\"><i class=\"fas fa-plus-circle\"><\/i><\/span>\n\t\t\t\t\t\t\t\t<span class=\"elementor-accordion-icon-opened\"><i class=\"fas fa-minus-circle\"><\/i><\/span>\n\t\t\t\t\t\t\t\t\t\t\t\t\t\t<\/span>\n\t\t\t\t\t\t\t\t\t\t\t\t<a class=\"elementor-accordion-title\" tabindex=\"0\">Marzo<\/a>\n\t\t\t\t\t<\/div>\n\t\t\t\t\t<div id=\"elementor-tab-content-1033\" class=\"elementor-tab-content elementor-clearfix\" data-tab=\"3\" role=\"region\" aria-labelledby=\"elementor-tab-title-1033\">Informaci\u00f3n correspondiente al mes de Febrero del 2020\n<br>\n<a class=\"w3-bar-item w3-button\" href=\"https:\/\/emapa.gob.ec\/portal\/wp-content\/uploads\/2020\/03\/Febrero-2020-a1-Estructura-org\u00e1nica-funcional.pdf\" target=\"_blank\" >a1) Estructura org\u00e1nica funcional<\/a>\n<br>\n<a class=\"w3-bar-item w3-button\" href=\"https:\/\/emapa.gob.ec\/portal\/wp-content\/uploads\/2020\/03\/Febrero-2020-a2-Base-legal-que-la-rige.pdf\" target=\"_blank\">a2) Base legal que la rige<\/a>\n<br>\n<a class=\"w3-bar-item w3-button\" href=\"https:\/\/emapa.gob.ec\/portal\/wp-content\/uploads\/2020\/03\/Febrero-2020-a3-Regulaciones-y-procedimientos-internos.pdf\" target=\"_blank\">a3) Regulaciones y procedimientos internos<\/a>\n<br>\n<a class=\"w3-bar-item w3-button\" href=\"https:\/\/emapa.gob.ec\/portal\/wp-content\/uploads\/2020\/03\/Febrero-2020-a4-Metas-y-objetivos-unidades-administrativas.pdf\" target=\"_blank\">a4) Metas y objetivos de las unidades administrativas<\/a>\n<br>\n<a class=\"w3-bar-item w3-button\" href=\"https:\/\/emapa.gob.ec\/portal\/wp-content\/uploads\/2020\/03\/Febrero-2020-b1-Directorio-completo-de-la-instituci\u00f3n.pdf\" target=\"_blank\">b1) Directorio completo de la instituci\u00f3n<\/a>\n<br>\n<a class=\"w3-bar-item w3-button\" href=\"https:\/\/emapa.gob.ec\/portal\/wp-content\/uploads\/2020\/03\/Febrero-2020-b2-Distributivo-de-personal-de-la-instituci\u00f3n.pdf\" target=\"_blank\">b2) Distributivo de personal<\/a>\n<br>\n<a class=\"w3-bar-item w3-button\" href=\"https:\/\/emapa.gob.ec\/portal\/wp-content\/uploads\/2020\/04\/Febrero-2020-c-Remuneraci\u00f3n-mensual-por-puesto.pdf\" target=\"_blank\">c) Remuneraci\u00f3n mensual por puesto<\/a>\n<br>\n<a class=\"w3-bar-item w3-button\" href=\"https:\/\/emapa.gob.ec\/portal\/wp-content\/uploads\/2020\/03\/Febrero-2020-d-Servicios-que-ofrece-y-las-formas-de-acceder-a-ellos.pdf\" target=\"_blank\">d) Servicios que ofrece y las formas de acceder a ellos<\/a>\n<br>\n<a class=\"w3-bar-item w3-button\" href=\"https:\/\/emapa.gob.ec\/portal\/wp-content\/uploads\/2020\/03\/Febrero-2020-e-Texto-integro-de-contratos-colectivos.pdf\" target=\"_blank\">e) Texto \u00edntegro de contratos colectivos vigentes<\/a>\n<br>\n<a class=\"w3-bar-item w3-button\" href=\"https:\/\/emapa.gob.ec\/portal\/wp-content\/uploads\/2020\/03\/Febrero-2020-f1-Formularios-y-formatos-de-solicitudes.pdf\" target=\"_blank\">f1) Formularios o formatos de solicitudes<\/a>\n<br>\n<a class=\"w3-bar-item w3-button\" href=\"https:\/\/emapa.gob.ec\/portal\/wp-content\/uploads\/2018\/05\/Enero-2018-f2-Formulario-acceso-a-la-informaci%C3%B3n-publica.pdf\" target=\"_blank\">f2) Formato para solicitudes de acceso a la informaci\u00f3n p\u00fablica<\/a>\n<br>\n<a class=\"w3-bar-item w3-button\" href=\"https:\/\/emapa.gob.ec\/portal\/wp-content\/uploads\/2020\/06\/Febrero-2020-g-Presupuesto-de-la-Instituci\u00f3n.pdf\" target=\"_blank\">g) Presupuesto de la instituci\u00f3n<\/a>\n<br>\n<a class=\"w3-bar-item w3-button\" href=\"https:\/\/emapa.gob.ec\/portal\/wp-content\/uploads\/2020\/03\/Febrero-2020-h-Resultados-de-las-auditor\u00edas-internas-y-gubernamentales.pdf\" target=\"_blank\">h) Resultados de auditorias internas y gubernamentales<\/a>\n<br>\n<a class=\"w3-bar-item w3-button\" href=\"https:\/\/emapa.gob.ec\/portal\/wp-content\/uploads\/2020\/03\/Febrero-2020-i-Procesos-de-contrataciones.pdf\" target=\"_blank\">i) Procesos de contrataciones<\/a>\n<br>\n<a class=\"w3-bar-item w3-button\" href=\"https:\/\/emapa.gob.ec\/portal\/wp-content\/uploads\/2020\/03\/Febrero-2020-j-Empresas-y-personas-que-han-incumplido-contratos.pdf\" target=\"_blank\">j) Empresas y personas que han incumplido contratos<\/a>\n<br>\n<a class=\"w3-bar-item w3-button\" href=\"https:\/\/emapa.gob.ec\/portal\/wp-content\/uploads\/2020\/03\/Febrero-2020-k-Planes-y-programas-en-ejecucion.pdf\" target=\"_blank\">k) Planes y programas en ejecuci\u00f3n<\/a>\n<br>\n<a class=\"w3-bar-item w3-button\" href=\"\"https:\/\/emapa.gob.ec\/portal\/wp-content\/uploads\/2020\/04\/Febrero-2020-l-Contratos-de-cr\u00e9ditos-externos-o-interno.pdf\" target=\"_blank\">l) Contratos de cr\u00e9ditos externos e internos<\/a>\n<br>\n<a class=\"w3-bar-item w3-button\" href=\"https:\/\/emapa.gob.ec\/portal\/wp-content\/uploads\/2020\/03\/Febrero-2020-m-Mecanismos-de-rendici\u00f3n-de-cuentas-a-la-ciudadan\u00eda.pdf\" target=\"_blank\">m) Mecanismos de rendici\u00f3n de cuentas a la ciudadan\u00eda<\/a>\n<br>\n<a class=\"w3-bar-item w3-button\" href=\"https:\/\/emapa.gob.ec\/portal\/wp-content\/uploads\/2020\/04\/Febrero-2020-n-Vi\u00e1ticos-informes-de-trabajo-y-justificativo.pdf\" target=\"_blank\">n) Vi\u00e1ticos, informes de trabajo y justificativos<\/a>\n<br>\n<a class=\"w3-bar-item w3-button\" href=\"https:\/\/emapa.gob.ec\/portal\/wp-content\/uploads\/2020\/03\/Febrero-2020-o-Responsable-de-atender-la-informaci\u00f3n-p\u00fablica.pdf\" target=\"_blank\">o) Responsable de atender la informaci\u00f3n p\u00fablica<\/a>\n<br>\n<a class=\"w3-bar-item w3-button\" href=\"#\" target=\"_blank\">s) Plan de Desarrollo Local y Ordenamiento Territorial<\/a>\n<\/div>\n\t\t\t\t<\/div>\n\t\t\t\t\t\t\t<div class=\"elementor-accordion-item\">\n\t\t\t\t\t<div id=\"elementor-tab-title-1034\" class=\"elementor-tab-title\" data-tab=\"4\" role=\"button\" aria-controls=\"elementor-tab-content-1034\" aria-expanded=\"false\">\n\t\t\t\t\t\t\t\t\t\t\t\t\t<span class=\"elementor-accordion-icon elementor-accordion-icon-right\" aria-hidden=\"true\">\n\t\t\t\t\t\t\t\t\t\t\t\t\t\t\t<span class=\"elementor-accordion-icon-closed\"><i class=\"fas fa-plus-circle\"><\/i><\/span>\n\t\t\t\t\t\t\t\t<span class=\"elementor-accordion-icon-opened\"><i class=\"fas fa-minus-circle\"><\/i><\/span>\n\t\t\t\t\t\t\t\t\t\t\t\t\t\t<\/span>\n\t\t\t\t\t\t\t\t\t\t\t\t<a class=\"elementor-accordion-title\" tabindex=\"0\">Abril<\/a>\n\t\t\t\t\t<\/div>\n\t\t\t\t\t<div id=\"elementor-tab-content-1034\" class=\"elementor-tab-content elementor-clearfix\" data-tab=\"4\" role=\"region\" aria-labelledby=\"elementor-tab-title-1034\">Informaci\u00f3n correspondiente al mes de Marzo del 2020\n<br>\n<a class=\"w3-bar-item w3-button\" href=\"https:\/\/emapa.gob.ec\/portal\/wp-content\/uploads\/2020\/04\/Marzo-2020-a1-Estructura-org\u00e1nica-funcional.pdf\" target=\"_blank\" >a1) Estructura org\u00e1nica funcional<\/a>\n<br>\n<a class=\"w3-bar-item w3-button\" href=\"https:\/\/emapa.gob.ec\/portal\/wp-content\/uploads\/2020\/04\/Marzo-2020-a2-Base-legal-que-la-rige.pdf\" target=\"_blank\">a2) Base legal que la rige<\/a>\n<br>\n<a class=\"w3-bar-item w3-button\" href=\"https:\/\/emapa.gob.ec\/portal\/wp-content\/uploads\/2020\/04\/Marzo-2020-a3-Regulaciones-y-procedimientos-internos.pdf\" target=\"_blank\">a3) Regulaciones y procedimientos internos<\/a>\n<br>\n<a class=\"w3-bar-item w3-button\" href=\"https:\/\/emapa.gob.ec\/portal\/wp-content\/uploads\/2020\/04\/Marzo-2020-a4-Metas-y-objetivos-unidades-administrativas.pdf\" target=\"_blank\">a4) Metas y objetivos de las unidades administrativas<\/a>\n<br>\n<a class=\"w3-bar-item w3-button\" href=\"https:\/\/emapa.gob.ec\/portal\/wp-content\/uploads\/2020\/04\/Marzo-2020-b1-Directorio-completo-de-la-instituci\u00f3n.pdf\" target=\"_blank\">b1) Directorio completo de la instituci\u00f3n<\/a>\n<br>\n<a class=\"w3-bar-item w3-button\" href=\"https:\/\/emapa.gob.ec\/portal\/wp-content\/uploads\/2020\/05\/Marzo-2020-b2-Distributivo-de-personal-de-la-instituci\u00f3n.pdf\" target=\"_blank\">b2) Distributivo de personal<\/a>\n<br>\n<a class=\"w3-bar-item w3-button\" href=\"https:\/\/emapa.gob.ec\/portal\/wp-content\/uploads\/2020\/04\/Marzo-2020-c-Remuneraci\u00f3n-mensual-por-puesto.pdf\" target=\"_blank\">c) Remuneraci\u00f3n mensual por puesto<\/a>\n<br>\n<a class=\"w3-bar-item w3-button\" href=\"https:\/\/emapa.gob.ec\/portal\/wp-content\/uploads\/2020\/04\/Marzo-2020-d-Servicios-que-ofrece-y-las-formas-de-acceder-a-ellos.pdf\" target=\"_blank\">d) Servicios que ofrece y las formas de acceder a ellos<\/a>\n<br>\n<a class=\"w3-bar-item w3-button\" href=\"https:\/\/emapa.gob.ec\/portal\/wp-content\/uploads\/2020\/04\/Marzo-2020-e-Texto-integro-de-contratos-colectivos.pdf\" target=\"_blank\">e) Texto \u00edntegro de contratos colectivos vigentes<\/a>\n<br>\n<a class=\"w3-bar-item w3-button\" href=\"https:\/\/emapa.gob.ec\/portal\/wp-content\/uploads\/2020\/04\/Marzo-2020-f1-Formularios-y-formatos-de-solicitudes.pdf\" target=\"_blank\">f1) Formularios o formatos de solicitudes<\/a>\n<br>\n<a class=\"w3-bar-item w3-button\" href=\"https:\/\/emapa.gob.ec\/portal\/wp-content\/uploads\/2018\/05\/Enero-2018-f2-Formulario-acceso-a-la-informaci%C3%B3n-publica.pdf\" target=\"_blank\">f2) Formato para solicitudes de acceso a la informaci\u00f3n p\u00fablica<\/a>\n<br>\n<a class=\"w3-bar-item w3-button\" href=\"https:\/\/emapa.gob.ec\/portal\/wp-content\/uploads\/2020\/06\/Marzo-2020-g-Presupuesto-de-la-Instituci\u00f3n.pdf\" target=\"_blank\">g) Presupuesto de la instituci\u00f3n<\/a>\n<br>\n<a class=\"w3-bar-item w3-button\" href=\"https:\/\/emapa.gob.ec\/portal\/wp-content\/uploads\/2020\/04\/Marzo-2020-h-Resultados-de-las-auditor\u00edas-internas-y-gubernamentales.pdf\" target=\"_blank\">h) Resultados de auditorias internas y gubernamentales<\/a>\n<br>\n<a class=\"w3-bar-item w3-button\" href=\"https:\/\/emapa.gob.ec\/portal\/wp-content\/uploads\/2020\/04\/Marzo-2020-i-Procesos-de-contrataciones.pdf\" target=\"_blank\">i) Procesos de contrataciones<\/a>\n<br>\n<a class=\"w3-bar-item w3-button\" href=\"https:\/\/emapa.gob.ec\/portal\/wp-content\/uploads\/2020\/04\/Marzo-2020-j-Empresas-y-personas-que-han-incumplido-contratos.pdf\" target=\"_blank\">j) Empresas y personas que han incumplido contratos<\/a>\n<br>\n<a class=\"w3-bar-item w3-button\" href=\"https:\/\/emapa.gob.ec\/portal\/wp-content\/uploads\/2020\/05\/Marzo-2020-k-Planes-y-programas-en-ejecucion.pdf\" target=\"_blank\">k) Planes y programas en ejecuci\u00f3n<\/a>\n<br>\n<a class=\"w3-bar-item w3-button\" href=\"https:\/\/emapa.gob.ec\/portal\/wp-content\/uploads\/2020\/04\/Marzo-2020-l-Contratos-de-cr\u00e9ditos-externos-o-interno.pdf\" target=\"_blank\">l) Contratos de cr\u00e9ditos externos e internos<\/a>\n<br>\n<a class=\"w3-bar-item w3-button\" href=\"https:\/\/emapa.gob.ec\/portal\/wp-content\/uploads\/2020\/04\/Marzo-2020-m-Mecanismos-de-rendici\u00f3n-de-cuentas-a-la-ciudadan\u00eda.pdf\" target=\"_blank\">m) Mecanismos de rendici\u00f3n de cuentas a la ciudadan\u00eda<\/a>\n<br>\n<a class=\"w3-bar-item w3-button\" href=\"https:\/\/emapa.gob.ec\/portal\/wp-content\/uploads\/2020\/04\/Marzo-2020-n-Vi\u00e1ticos-informes-de-trabajo-y-justificativo.pdf\" target=\"_blank\">n) Vi\u00e1ticos, informes de trabajo y justificativos<\/a>\n<br>\n<a class=\"w3-bar-item w3-button\" href=\"https:\/\/emapa.gob.ec\/portal\/wp-content\/uploads\/2020\/04\/Marzo-2020-o-Responsable-de-atender-la-informaci\u00f3n-p\u00fablica.pdf\" target=\"_blank\">o) Responsable de atender la informaci\u00f3n p\u00fablica<\/a>\n<br>\n<a class=\"w3-bar-item w3-button\" href=\"#\" target=\"_blank\">s) Plan de Desarrollo Local y Ordenamiento Territorial<\/a>\n\n\n<\/div>\n\t\t\t\t<\/div>\n\t\t\t\t\t\t\t<div class=\"elementor-accordion-item\">\n\t\t\t\t\t<div id=\"elementor-tab-title-1035\" class=\"elementor-tab-title\" data-tab=\"5\" role=\"button\" aria-controls=\"elementor-tab-content-1035\" aria-expanded=\"false\">\n\t\t\t\t\t\t\t\t\t\t\t\t\t<span class=\"elementor-accordion-icon elementor-accordion-icon-right\" aria-hidden=\"true\">\n\t\t\t\t\t\t\t\t\t\t\t\t\t\t\t<span class=\"elementor-accordion-icon-closed\"><i class=\"fas fa-plus-circle\"><\/i><\/span>\n\t\t\t\t\t\t\t\t<span class=\"elementor-accordion-icon-opened\"><i class=\"fas fa-minus-circle\"><\/i><\/span>\n\t\t\t\t\t\t\t\t\t\t\t\t\t\t<\/span>\n\t\t\t\t\t\t\t\t\t\t\t\t<a class=\"elementor-accordion-title\" tabindex=\"0\">Mayo<\/a>\n\t\t\t\t\t<\/div>\n\t\t\t\t\t<div id=\"elementor-tab-content-1035\" class=\"elementor-tab-content elementor-clearfix\" data-tab=\"5\" role=\"region\" aria-labelledby=\"elementor-tab-title-1035\">Informaci\u00f3n correspondiente al mes de Abril del 2020\n<br>\n<a class=\"w3-bar-item w3-button\" href=\"\/\/emapa.gob.ec\/portal\/wp-content\/uploads\/2020\/05\/Abril-2020-a1-Estructura-org\u00e1nica-funcional.pdf\" target=\"_blank\" >a1) Estructura org\u00e1nica funcional<\/a>\n<br>\n<a class=\"w3-bar-item w3-button\" href=\"https:\/\/emapa.gob.ec\/portal\/wp-content\/uploads\/2020\/05\/Abril-2020-a2-Base-legal-que-la-rige.pdf\" target=\"_blank\">a2) Base legal que la rige<\/a>\n<br>\n<a class=\"w3-bar-item w3-button\" href=\"https:\/\/emapa.gob.ec\/portal\/wp-content\/uploads\/2020\/05\/Abril-2020-a3-Regulaciones-y-procedimientos-internos.pdf\" target=\"_blank\">a3) Regulaciones y procedimientos internos<\/a>\n<br>\n<a class=\"w3-bar-item w3-button\" href=\"https:\/\/emapa.gob.ec\/portal\/wp-content\/uploads\/2020\/05\/Abril-2020-a4-Metas-y-objetivos-unidades-administrativas.pdf\" target=\"_blank\">a4) Metas y objetivos de las unidades administrativas<\/a>\n<br>\n<a class=\"w3-bar-item w3-button\" href=\"https:\/\/emapa.gob.ec\/portal\/wp-content\/uploads\/2020\/05\/Abril-2020-b1-Directorio-completo-de-la-instituci\u00f3n.pdf\" target=\"_blank\">b1) Directorio completo de la instituci\u00f3n<\/a>\n<br>\n<a class=\"w3-bar-item w3-button\" href=\"#\" target=\"_blank\">b2) Distributivo de personal<\/a>\n<br>\n<a class=\"w3-bar-item w3-button\" href=\"https:\/\/emapa.gob.ec\/portal\/wp-content\/uploads\/2020\/05\/Abril-2020-c-Remuneraci\u00f3n-mensual-por-puesto.pdf\" target=\"_blank\">c) Remuneraci\u00f3n mensual por puesto<\/a>\n<br>\n<a class=\"w3-bar-item w3-button\" href=\"https:\/\/emapa.gob.ec\/portal\/wp-content\/uploads\/2020\/05\/Abril-2020-d-Servicios-que-ofrece-y-las-formas-de-acceder-a-ellos.pdf\" target=\"_blank\">d) Servicios que ofrece y las formas de acceder a ellos<\/a>\n<br>\n<a class=\"w3-bar-item w3-button\" href=\"https:\/\/emapa.gob.ec\/portal\/wp-content\/uploads\/2020\/05\/Abril-2020-e-Texto-integro-de-contratos-colectivos.pdf\" target=\"_blank\">e) Texto \u00edntegro de contratos colectivos vigentes<\/a>\n<br>\n<a class=\"w3-bar-item w3-button\" href=\"https:\/\/emapa.gob.ec\/portal\/wp-content\/uploads\/2020\/05\/Abril-2020-f1-Formularios-y-formatos-de-solicitudes.pdf\" target=\"_blank\">f1) Formularios o formatos de solicitudes<\/a>\n<br>\n<a class=\"w3-bar-item w3-button\" href=\"https:\/\/emapa.gob.ec\/portal\/wp-content\/uploads\/2018\/05\/Abril-2018-f2-Formulario-acceso-a-la-informaci\u00f3n-publica.pdf\" target=\"_blank\">f2) Formato para solicitudes de acceso a la informaci\u00f3n p\u00fablica<\/a>\n<br>\n<a class=\"w3-bar-item w3-button\" href=\"#\" target=\"_blank\">g) Presupuesto de la instituci\u00f3n<\/a>\n<br>\n<a class=\"w3-bar-item w3-button\" href=\"https:\/\/emapa.gob.ec\/portal\/wp-content\/uploads\/2020\/06\/Abril-2020-h-Resultados-de-las-auditor\u00edas-internas-y-gubernamentales.pdf\" target=\"_blank\">h) Resultados de auditorias internas y gubernamentales<\/a>\n<br>\n<a class=\"w3-bar-item w3-button\" href=\"https:\/\/emapa.gob.ec\/portal\/wp-content\/uploads\/2020\/05\/Abril-2020-i-Procesos-de-contrataciones.pdf\" target=\"_blank\">i) Procesos de contrataciones<\/a>\n<br>\n<a class=\"w3-bar-item w3-button\" href=\"https:\/\/emapa.gob.ec\/portal\/wp-content\/uploads\/2020\/05\/Abril-2020-j-Empresas-y-personas-que-han-incumplido-contratos.pdf\" target=\"_blank\">j) Empresas y personas que han incumplido contratos<\/a>\n<br>\n<a class=\"w3-bar-item w3-button\" href=\"https:\/\/emapa.gob.ec\/portal\/wp-content\/uploads\/2020\/05\/Abril-2020-k-Planes-y-programas-en-ejecucion.pdf\" target=\"_blank\">k) Planes y programas en ejecuci\u00f3n<\/a>\n<br>\n<a class=\"w3-bar-item w3-button\" href=\"https:\/\/emapa.gob.ec\/portal\/wp-content\/uploads\/2020\/05\/Abril-2020-l-Contratos-de-cr\u00e9ditos-externos-o-interno.pdf\" target=\"_blank\">l) Contratos de cr\u00e9ditos externos e internos<\/a>\n<br>\n<a class=\"w3-bar-item w3-button\" href=\"https:\/\/emapa.gob.ec\/portal\/wp-content\/uploads\/2020\/05\/Abril-2020-m-Mecanismos-de-rendici\u00f3n-de-cuentas-a-la-ciudadan\u00eda.pdf\" target=\"_blank\">m) Mecanismos de rendici\u00f3n de cuentas a la ciudadan\u00eda<\/a>\n<br>\n<a class=\"w3-bar-item w3-button\" href=\"https:\/\/emapa.gob.ec\/portal\/wp-content\/uploads\/2020\/05\/Abril-2020-n-Vi\u00e1ticos-informes-de-trabajo-y-justificativo.pdf\" target=\"_blank\">n) Vi\u00e1ticos, informes de trabajo y justificativos<\/a>\n<br>\n<a class=\"w3-bar-item w3-button\" href=\"https:\/\/emapa.gob.ec\/portal\/wp-content\/uploads\/2020\/05\/Abril-2020-o-Responsable-de-atender-la-informaci\u00f3n-p\u00fablica.pdf\" target=\"_blank\">o) Responsable de atender la informaci\u00f3n p\u00fablica<\/a>\n<br>\n<a class=\"w3-bar-item w3-button\" href=\"#\" target=\"_blank\">s) Plan de Desarrollo Local y Ordenamiento Territorial<\/a>\n\n\n<\/div>\n\t\t\t\t<\/div>\n\t\t\t\t\t\t\t<div class=\"elementor-accordion-item\">\n\t\t\t\t\t<div id=\"elementor-tab-title-1036\" class=\"elementor-tab-title\" data-tab=\"6\" role=\"button\" aria-controls=\"elementor-tab-content-1036\" aria-expanded=\"false\">\n\t\t\t\t\t\t\t\t\t\t\t\t\t<span class=\"elementor-accordion-icon elementor-accordion-icon-right\" aria-hidden=\"true\">\n\t\t\t\t\t\t\t\t\t\t\t\t\t\t\t<span class=\"elementor-accordion-icon-closed\"><i class=\"fas fa-plus-circle\"><\/i><\/span>\n\t\t\t\t\t\t\t\t<span class=\"elementor-accordion-icon-opened\"><i class=\"fas fa-minus-circle\"><\/i><\/span>\n\t\t\t\t\t\t\t\t\t\t\t\t\t\t<\/span>\n\t\t\t\t\t\t\t\t\t\t\t\t<a class=\"elementor-accordion-title\" tabindex=\"0\">Junio<\/a>\n\t\t\t\t\t<\/div>\n\t\t\t\t\t<div id=\"elementor-tab-content-1036\" class=\"elementor-tab-content elementor-clearfix\" data-tab=\"6\" role=\"region\" aria-labelledby=\"elementor-tab-title-1036\">Informaci\u00f3n correspondiente al mes de Mayo del 2020\n<br>\n<a class=\"w3-bar-item w3-button\" href=\"#\" target=\"_blank\" >a1) Estructura org\u00e1nica funcional<\/a>\n<br>\n<a class=\"w3-bar-item w3-button\" href=\"https:\/\/emapa.gob.ec\/portal\/wp-content\/uploads\/2020\/06\/Mayo-2020-a2-Base-legal-que-la-rige.pdf\" target=\"_blank\">a2) Base legal que la rige<\/a>\n<br>\n<a class=\"w3-bar-item w3-button\" href=\"https:\/\/emapa.gob.ec\/portal\/wp-content\/uploads\/2020\/06\/Mayo-2020-a3-Regulaciones-y-procedimientos-internos.pdf\" target=\"_blank\">a3) Regulaciones y procedimientos internos<\/a>\n<br>\n<a class=\"w3-bar-item w3-button\" href=\"https:\/\/emapa.gob.ec\/portal\/wp-content\/uploads\/2020\/06\/Mayo-2020-a4-Metas-y-objetivos-unidades-administrativas.pdf\" target=\"_blank\">a4) Metas y objetivos de las unidades administrativas<\/a>\n<br>\n<a class=\"w3-bar-item w3-button\" href=\"https:\/\/emapa.gob.ec\/portal\/wp-content\/uploads\/2020\/06\/Mayo-2020-b1-Directorio-completo-de-la-instituci\u00f3n.pdf\" target=\"_blank\">b1) Directorio completo de la instituci\u00f3n<\/a>\n<br>\n<a class=\"w3-bar-item w3-button\" href=\"https:\/\/emapa.gob.ec\/portal\/wp-content\/uploads\/2020\/06\/Mayo-2020-b2-Distributivo-de-personal-de-la-instituci\u00f3n.pdf\" target=\"_blank\">b2) Distributivo de personal<\/a>\n<br>\n<a class=\"w3-bar-item w3-button\" href=\"https:\/\/emapa.gob.ec\/portal\/wp-content\/uploads\/2020\/06\/Mayo-2020-c-Remuneraci\u00f3n-mensual-por-puesto.pdf\" target=\"_blank\">c) Remuneraci\u00f3n mensual por puesto<\/a>\n<br>\n<a class=\"w3-bar-item w3-button\" href=\"https:\/\/emapa.gob.ec\/portal\/wp-content\/uploads\/2020\/06\/Mayo-2020-d-Servicios-que-ofrece-y-las-formas-de-acceder-a-ellos.pdf\" target=\"_blank\">d) Servicios que ofrece y las formas de acceder a ellos<\/a>\n<br>\n<a class=\"w3-bar-item w3-button\" href=\"https:\/\/emapa.gob.ec\/portal\/wp-content\/uploads\/2020\/06\/Mayo-2020-e-Texto-integro-de-contratos-colectivos.pdf\" target=\"_blank\">e) Texto \u00edntegro de contratos colectivos vigentes<\/a>\n<br>\n<a class=\"w3-bar-item w3-button\" href=\"https:\/\/emapa.gob.ec\/portal\/wp-content\/uploads\/2020\/06\/Mayo-2020-f1-Formularios-y-formatos-de-solicitudes.pdf\" target=\"_blank\">f1) Formularios o formatos de solicitudes<\/a>\n<br>\n<a class=\"w3-bar-item w3-button\" href=\"https:\/\/emapa.gob.ec\/portal\/wp-content\/uploads\/2018\/06\/Mayo-2018-f2-Formulario-acceso-a-la-informaci\u00f3n-publica.pdf\" target=\"_blank\">f2) Formato para solicitudes de acceso a la informaci\u00f3n p\u00fablica<\/a>\n<br>\n<a class=\"w3-bar-item w3-button\" href=\"https:\/\/emapa.gob.ec\/portal\/wp-content\/uploads\/2020\/07\/Abril-2020-g-Presupuesto-de-la-Instituci\u00f3n.pdf\" target=\"_blank\">g) Presupuesto de la instituci\u00f3n<\/a>\n<br>\n<a class=\"w3-bar-item w3-button\" href=\"https:\/\/emapa.gob.ec\/portal\/wp-content\/uploads\/2020\/06\/Mayo-2020-h-Resultados-de-las-auditor\u00edas-internas-y-gubernamentales.pdf\" target=\"_blank\">h) Resultados de auditorias internas y gubernamentales<\/a>\n<br>\n<a class=\"w3-bar-item w3-button\" href=\"https:\/\/emapa.gob.ec\/portal\/wp-content\/uploads\/2020\/06\/Mayo-2020-i-Procesos-de-contrataciones.pdf\" target=\"_blank\">i) Procesos de contrataciones<\/a>\n<br>\n<a class=\"w3-bar-item w3-button\" href=\"https:\/\/emapa.gob.ec\/portal\/wp-content\/uploads\/2020\/06\/Mayo-2020-j-Empresas-y-personas-que-han-incumplido-contratos.pdf\" target=\"_blank\">j) Empresas y personas que han incumplido contratos<\/a>\n<br>\n<a class=\"w3-bar-item w3-button\" href=\"https:\/\/emapa.gob.ec\/portal\/wp-content\/uploads\/2020\/06\/Mayo-2020-k-Planes-y-programas-en-ejecucion.pdf\" target=\"_blank\">k) Planes y programas en ejecuci\u00f3n<\/a>\n<br>\n<a class=\"w3-bar-item w3-button\" href=\"https:\/\/emapa.gob.ec\/portal\/wp-content\/uploads\/2020\/06\/Mayo-2020-l-Contratos-de-cr\u00e9ditos-externos-o-interno.pdf\" target=\"_blank\">l) Contratos de cr\u00e9ditos externos e internos<\/a>\n<br>\n<a class=\"w3-bar-item w3-button\" href=\"https:\/\/emapa.gob.ec\/portal\/wp-content\/uploads\/2020\/06\/Mayo-2020-m-Mecanismos-de-rendici\u00f3n-de-cuentas-a-la-ciudadan\u00eda.pdf\" target=\"_blank\">m) Mecanismos de rendici\u00f3n de cuentas a la ciudadan\u00eda<\/a>\n<br>\n<a class=\"w3-bar-item w3-button\" href=\"https:\/\/emapa.gob.ec\/portal\/wp-content\/uploads\/2020\/06\/Mayo-2020-n-Vi\u00e1ticos-informes-de-trabajo-y-justificativo.pdf\" target=\"_blank\">n) Vi\u00e1ticos, informes de trabajo y justificativos<\/a>\n<br>\n<a class=\"w3-bar-item w3-button\" href=\"https:\/\/emapa.gob.ec\/portal\/wp-content\/uploads\/2020\/06\/Mayo-2020-o-Responsable-de-atender-la-informaci\u00f3n-p\u00fablica.pdf\" target=\"_blank\">o) Responsable de atender la informaci\u00f3n p\u00fablica<\/a>\n<br>\n<a class=\"w3-bar-item w3-button\" href=\"#\" target=\"_blank\">s) Plan de Desarrollo Local y Ordenamiento Territorial<\/a>\n\n\n<\/div>\n\t\t\t\t<\/div>\n\t\t\t\t\t\t\t<div class=\"elementor-accordion-item\">\n\t\t\t\t\t<div id=\"elementor-tab-title-1037\" class=\"elementor-tab-title\" data-tab=\"7\" role=\"button\" aria-controls=\"elementor-tab-content-1037\" aria-expanded=\"false\">\n\t\t\t\t\t\t\t\t\t\t\t\t\t<span class=\"elementor-accordion-icon elementor-accordion-icon-right\" aria-hidden=\"true\">\n\t\t\t\t\t\t\t\t\t\t\t\t\t\t\t<span class=\"elementor-accordion-icon-closed\"><i class=\"fas fa-plus-circle\"><\/i><\/span>\n\t\t\t\t\t\t\t\t<span class=\"elementor-accordion-icon-opened\"><i class=\"fas fa-minus-circle\"><\/i><\/span>\n\t\t\t\t\t\t\t\t\t\t\t\t\t\t<\/span>\n\t\t\t\t\t\t\t\t\t\t\t\t<a class=\"elementor-accordion-title\" tabindex=\"0\">Julio<\/a>\n\t\t\t\t\t<\/div>\n\t\t\t\t\t<div id=\"elementor-tab-content-1037\" class=\"elementor-tab-content elementor-clearfix\" data-tab=\"7\" role=\"region\" aria-labelledby=\"elementor-tab-title-1037\">Informaci\u00f3n correspondiente al mes de Junio del 2020\n<br>\n<a class=\"w3-bar-item w3-button\" href=\"https:\/\/emapa.gob.ec\/portal\/wp-content\/uploads\/2020\/07\/Junio-2020-a1-Estructura-org\u00e1nica-funcional.pdf\" target=\"_blank\" >a1) Estructura org\u00e1nica funcional<\/a>\n<br>\n<a class=\"w3-bar-item w3-button\" href=\"https:\/\/emapa.gob.ec\/portal\/wp-content\/uploads\/2020\/07\/Junio-2020-a2-Base-legal-que-la-rige.pdf\" target=\"_blank\">a2) Base legal que la rige<\/a>\n<br>\n<a class=\"w3-bar-item w3-button\" href=\"https:\/\/emapa.gob.ec\/portal\/wp-content\/uploads\/2020\/07\/Junio-2020-a3-Regulaciones-y-procedimientos-internos-1.pdf\" target=\"_blank\">a3) Regulaciones y procedimientos internos<\/a>\n<br>\n<a class=\"w3-bar-item w3-button\" href=\"https:\/\/emapa.gob.ec\/portal\/wp-content\/uploads\/2020\/07\/Junio-2020-a4-Metas-y-objetivos-unidades-administrativas.pdf\" target=\"_blank\">a4) Metas y objetivos de las unidades administrativas<\/a>\n<br>\n<a class=\"w3-bar-item w3-button\" href=\"https:\/\/emapa.gob.ec\/portal\/wp-content\/uploads\/2020\/07\/Junio-2020-b1-Directorio-completo-de-la-instituci\u00f3n.pdf\" target=\"_blank\">b1) Directorio completo de la instituci\u00f3n<\/a>\n<br>\n<a class=\"w3-bar-item w3-button\" href=\"https:\/\/emapa.gob.ec\/portal\/wp-content\/uploads\/2020\/07\/Junio-2020-b2-Distributivo-de-personal-de-la-instituci\u00f3n.pdf\" target=\"_blank\">b2) Distributivo de personal<\/a>\n<br>\n<a class=\"w3-bar-item w3-button\" href=\"https:\/\/emapa.gob.ec\/portal\/wp-content\/uploads\/2020\/07\/Junio-2020-c-Remuneraci\u00f3n-mensual-por-puesto.pdf\" target=\"_blank\">c) Remuneraci\u00f3n mensual por puesto<\/a>\n<br>\n<a class=\"w3-bar-item w3-button\" href=\"https:\/\/emapa.gob.ec\/portal\/wp-content\/uploads\/2020\/07\/Junio-2020-d-Servicios-que-ofrece-y-las-formas-de-acceder-a-ellos.pdf\" target=\"_blank\">d) Servicios que ofrece y las formas de acceder a ellos<\/a>\n<br>\n<a class=\"w3-bar-item w3-button\" href=\"https:\/\/emapa.gob.ec\/portal\/wp-content\/uploads\/2020\/07\/Junio-2020-e-Texto-integro-de-contratos-colectivos.pdf\" target=\"_blank\">e) Texto \u00edntegro de contratos colectivos vigentes<\/a>\n<br>\n<a class=\"w3-bar-item w3-button\" href=\"https:\/\/emapa.gob.ec\/portal\/wp-content\/uploads\/2020\/07\/Junio-2020-f1-Formularios-y-formatos-de-solicitudes.pdf\" target=\"_blank\">f1) Formularios o formatos de solicitudes<\/a>\n<br>\n<a class=\"w3-bar-item w3-button\" href=\"#\" target=\"_blank\">f2) Formato para solicitudes de acceso a la informaci\u00f3n p\u00fablica<\/a>\n<br>\n<a class=\"w3-bar-item w3-button\" href=\"https:\/\/emapa.gob.ec\/portal\/wp-content\/uploads\/2020\/09\/Junio-2020-g-Presupuesto-de-la-Instituci\u00f3n.pdf\" target=\"_blank\">g) Presupuesto de la instituci\u00f3n<\/a>\n<br>\n<a class=\"w3-bar-item w3-button\" href=\"https:\/\/emapa.gob.ec\/portal\/wp-content\/uploads\/2020\/07\/Junio-2020-h-Resultados-de-las-auditor\u00edas-internas-y-gubernamentales\" target=\"_blank\">h) Resultados de auditorias internas y gubernamentales<\/a>\n<br>\n<a class=\"w3-bar-item w3-button\" href=\"https:\/\/emapa.gob.ec\/portal\/wp-content\/uploads\/2020\/07\/Junio-2020-i-Procesos-de-contrataciones.pd\" target=\"_blank\">i) Procesos de contrataciones<\/a>\n<br>\n<a class=\"w3-bar-item w3-button\" href=\"https:\/\/emapa.gob.ec\/portal\/wp-content\/uploads\/2020\/07\/Junio-2020-j-Empresas-y-personas-que-han-incumplido-contratos.pdf\" target=\"_blank\">j) Empresas y personas que han incumplido contratos<\/a>\n<br>\n<a class=\"w3-bar-item w3-button\" href=\"https:\/\/emapa.gob.ec\/portal\/wp-content\/uploads\/2020\/07\/Junio-2020-k-Planes-y-programas-en-ejecucion.pdf\" target=\"_blank\">k) Planes y programas en ejecuci\u00f3n<\/a>\n<br>\n<a class=\"w3-bar-item w3-button\" href=\"https:\/\/emapa.gob.ec\/portal\/wp-content\/uploads\/2020\/07\/Junio-2020-l-Contratos-de-cr\u00e9ditos-externos-o-interno.pdf\" target=\"_blank\">l) Contratos de cr\u00e9ditos externos e internos<\/a>\n<br>\n<a class=\"w3-bar-item w3-button\" href=\"https:\/\/emapa.gob.ec\/portal\/wp-content\/uploads\/2020\/07\/Junio-2020-m-Mecanismos-de-rendici\u00f3n-de-cuentas-a-la-ciudadan\u00eda.pdf\" target=\"_blank\">m) Mecanismos de rendici\u00f3n de cuentas a la ciudadan\u00eda<\/a>\n<br>\n<a class=\"w3-bar-item w3-button\" href=\"https:\/\/emapa.gob.ec\/portal\/wp-content\/uploads\/2020\/07\/Junio-2020-n-Vi\u00e1ticos-informes-de-trabajo-y-justificativo.pdf\" target=\"_blank\">n) Vi\u00e1ticos, informes de trabajo y justificativos<\/a>\n<br>\n<a class=\"w3-bar-item w3-button\" href=\"https:\/\/emapa.gob.ec\/portal\/wp-content\/uploads\/2020\/07\/Junio-2020-o-Responsable-de-atender-la-informaci\u00f3n-p\u00fablica.pdf\" target=\"_blank\">o) Responsable de atender la informaci\u00f3n p\u00fablica<\/a>\n<br>\n<a class=\"w3-bar-item w3-button\" href=\"#\" target=\"_blank\">s) Plan de Desarrollo Local y Ordenamiento Territorial<\/a>\n<\/div>\n\t\t\t\t<\/div>\n\t\t\t\t\t\t\t<div class=\"elementor-accordion-item\">\n\t\t\t\t\t<div id=\"elementor-tab-title-1038\" class=\"elementor-tab-title\" data-tab=\"8\" role=\"button\" aria-controls=\"elementor-tab-content-1038\" aria-expanded=\"false\">\n\t\t\t\t\t\t\t\t\t\t\t\t\t<span class=\"elementor-accordion-icon elementor-accordion-icon-right\" aria-hidden=\"true\">\n\t\t\t\t\t\t\t\t\t\t\t\t\t\t\t<span class=\"elementor-accordion-icon-closed\"><i class=\"fas fa-plus-circle\"><\/i><\/span>\n\t\t\t\t\t\t\t\t<span class=\"elementor-accordion-icon-opened\"><i class=\"fas fa-minus-circle\"><\/i><\/span>\n\t\t\t\t\t\t\t\t\t\t\t\t\t\t<\/span>\n\t\t\t\t\t\t\t\t\t\t\t\t<a class=\"elementor-accordion-title\" tabindex=\"0\">Agosto<\/a>\n\t\t\t\t\t<\/div>\n\t\t\t\t\t<div id=\"elementor-tab-content-1038\" class=\"elementor-tab-content elementor-clearfix\" data-tab=\"8\" role=\"region\" aria-labelledby=\"elementor-tab-title-1038\">Informaci\u00f3n correspondiente al mes de Julio del 2020\n<br>\n<a class=\"w3-bar-item w3-button\" href=\"https:\/\/emapa.gob.ec\/portal\/wp-content\/uploads\/2020\/08\/Julio-2020-a1-Estructura-org\u00e1nica-funcional.pdf\" target=\"_blank\" >a1) Estructura org\u00e1nica funcional<\/a>\n<br>\n<a class=\"w3-bar-item w3-button\" href=\"https:\/\/emapa.gob.ec\/portal\/wp-content\/uploads\/2020\/08\/Julio-2020-a2-Base-legal-que-la-rige.pdf\" target=\"_blank\">a2) Base legal que la rige<\/a>\n<br>\n<a class=\"w3-bar-item w3-button\" href=\"https:\/\/emapa.gob.ec\/portal\/wp-content\/uploads\/2020\/08\/Julio-2020-a3-Regulaciones-y-procedimientos-internos.pdf\" target=\"_blank\">a3) Regulaciones y procedimientos internos<\/a>\n<br>\n<a class=\"w3-bar-item w3-button\" href=\"https:\/\/emapa.gob.ec\/portal\/wp-content\/uploads\/2020\/08\/Julio-2020-a4-Metas-y-objetivos-unidades-administrativas.pdf\" target=\"_blank\">a4) Metas y objetivos de las unidades administrativas<\/a>\n<br>\n<a class=\"w3-bar-item w3-button\" href=\"https:\/\/emapa.gob.ec\/portal\/wp-content\/uploads\/2020\/08\/Julio-2020-b1-Directorio-completo-de-la-instituci\u00f3n.pdf\" target=\"_blank\">b1) Directorio completo de la instituci\u00f3n<\/a>\n<br>\n<a class=\"w3-bar-item w3-button\" href=\"https:\/\/emapa.gob.ec\/portal\/wp-content\/uploads\/2020\/08\/Julio-2020-b2-Distributivo-de-personal-de-la-instituci\u00f3n.pdf\" target=\"_blank\">b2) Distributivo de personal<\/a>\n<br>\n<a class=\"w3-bar-item w3-button\" href=\"https:\/\/emapa.gob.ec\/portal\/wp-content\/uploads\/2020\/08\/Julio-2020-c-Remuneraci\u00f3n-mensual-por-puesto.pdf\" target=\"_blank\">c) Remuneraci\u00f3n mensual por puesto<\/a>\n<br>\n<a class=\"w3-bar-item w3-button\" href=\"https:\/\/emapa.gob.ec\/portal\/wp-content\/uploads\/2020\/08\/Julio-2020-d-Servicios-que-ofrece-y-las-formas-de-acceder-a-ellos.pdf\" target=\"_blank\">d) Servicios que ofrece y las formas de acceder a ellos<\/a>\n<br>\n<a class=\"w3-bar-item w3-button\" href=\"https:\/\/emapa.gob.ec\/portal\/wp-content\/uploads\/2020\/08\/Julio-2020-e-Texto-integro-de-contratos-colectivos.pdf\" target=\"_blank\">e) Texto \u00edntegro de contratos colectivos vigentes<\/a>\n<br>\n<a class=\"w3-bar-item w3-button\" href=\"\"https:\/\/emapa.gob.ec\/portal\/wp-content\/uploads\/2020\/08\/Julio-2020-f1-Formularios-y-formatos-de-solicitudes.pdf\" target=\"_blank\">f1) Formularios o formatos de solicitudes<\/a>\n<br>\n<a class=\"w3-bar-item w3-button\" href=\"https:\/\/emapa.gob.ec\/portal\/wp-content\/uploads\/2018\/06\/Mayo-2018-f2-Formulario-acceso-a-la-informaci%C3%B3n-publica.pdf\" target=\"_blank\">f2) Formato para solicitudes de acceso a la informaci\u00f3n p\u00fablica<\/a>\n<br>\n<a class=\"w3-bar-item w3-button\" href=\"https:\/\/emapa.gob.ec\/portal\/wp-content\/uploads\/2020\/10\/Julio-2020-g-Presupuesto-de-la-Institucion.pdf\" target=\"_blank\">g) Presupuesto de la instituci\u00f3n<\/a>\n<br>\n<a class=\"w3-bar-item w3-button\" href=\"\"https:\/\/emapa.gob.ec\/portal\/wp-content\/uploads\/2020\/08\/Julio-2020-h-Resultados-de-las-auditor\u00edas-internas-y-gubernamentales.pdf\" target=\"_blank\">h) Resultados de auditorias internas y gubernamentales<\/a>\n<br>\n<a class=\"w3-bar-item w3-button\" href=\"https:\/\/emapa.gob.ec\/portal\/wp-content\/uploads\/2020\/08\/Julio-2020-i-Procesos-de-contrataciones.pdf\" target=\"_blank\">i) Procesos de contrataciones<\/a>\n<br>\n<a class=\"w3-bar-item w3-button\" href=\"https:\/\/emapa.gob.ec\/portal\/wp-content\/uploads\/2020\/08\/Julio-2020-j-Empresas-y-personas-que-han-incumplido-contratos.pdf\" target=\"_blank\">j) Empresas y personas que han incumplido contratos<\/a>\n<br>\n<a class=\"w3-bar-item w3-button\" href=\"https:\/\/emapa.gob.ec\/portal\/wp-content\/uploads\/2020\/08\/Julio-2020-k-Planes-y-programas-en-ejecucion.pdf\" target=\"_blank\">k) Planes y programas en ejecuci\u00f3n<\/a>\n<br>\n<a class=\"w3-bar-item w3-button\" href=\"https:\/\/emapa.gob.ec\/portal\/wp-content\/uploads\/2020\/08\/Julio-2020-l-Contratos-de-cr\u00e9ditos-externos-o-interno.pdf\" target=\"_blank\">l) Contratos de cr\u00e9ditos externos e internos<\/a>\n<br>\n<a class=\"w3-bar-item w3-button\" href=\"https:\/\/emapa.gob.ec\/portal\/wp-content\/uploads\/2020\/08\/Julio-2020-m-Mecanismos-de-rendici\u00f3n-de-cuentas-a-la-ciudadan\u00eda.pdf\" target=\"_blank\">m) Mecanismos de rendici\u00f3n de cuentas a la ciudadan\u00eda<\/a>\n<br>\n<a class=\"w3-bar-item w3-button\" href=\"https:\/\/emapa.gob.ec\/portal\/wp-content\/uploads\/2020\/08\/Julio-2020-n-Vi\u00e1ticos-informes-de-trabajo-y-justificativo.pdf\" target=\"_blank\">n) Vi\u00e1ticos, informes de trabajo y justificativos<\/a>\n<br>\n<a class=\"w3-bar-item w3-button\" href=\"https:\/\/emapa.gob.ec\/portal\/wp-content\/uploads\/2020\/08\/Julio-2020-o-Responsable-de-atender-la-informaci\u00f3n-p\u00fablica.pdf\" target=\"_blank\">o) Responsable de atender la informaci\u00f3n p\u00fablica<\/a>\n<br>\n<a class=\"w3-bar-item w3-button\" href=\"#\" target=\"_blank\">s) Plan de Desarrollo Local y Ordenamiento Territorial<\/a>\n<\/div>\n\t\t\t\t<\/div>\n\t\t\t\t\t\t\t<div class=\"elementor-accordion-item\">\n\t\t\t\t\t<div id=\"elementor-tab-title-1039\" class=\"elementor-tab-title\" data-tab=\"9\" role=\"button\" aria-controls=\"elementor-tab-content-1039\" aria-expanded=\"false\">\n\t\t\t\t\t\t\t\t\t\t\t\t\t<span class=\"elementor-accordion-icon elementor-accordion-icon-right\" aria-hidden=\"true\">\n\t\t\t\t\t\t\t\t\t\t\t\t\t\t\t<span class=\"elementor-accordion-icon-closed\"><i class=\"fas fa-plus-circle\"><\/i><\/span>\n\t\t\t\t\t\t\t\t<span class=\"elementor-accordion-icon-opened\"><i class=\"fas fa-minus-circle\"><\/i><\/span>\n\t\t\t\t\t\t\t\t\t\t\t\t\t\t<\/span>\n\t\t\t\t\t\t\t\t\t\t\t\t<a class=\"elementor-accordion-title\" tabindex=\"0\">Septiembre<\/a>\n\t\t\t\t\t<\/div>\n\t\t\t\t\t<div id=\"elementor-tab-content-1039\" class=\"elementor-tab-content elementor-clearfix\" data-tab=\"9\" role=\"region\" aria-labelledby=\"elementor-tab-title-1039\">Informaci\u00f3n correspondiente al mes de Agosto del 2020\n<br>\n<a class=\"w3-bar-item w3-button\" href=\"https:\/\/emapa.gob.ec\/portal\/wp-content\/uploads\/2020\/09\/Agosto-2020-a1-Estructura-org\u00e1nica-funcional.pdf\" target=\"_blank\" >a1) Estructura org\u00e1nica funcional<\/a>\n<br>\n<a class=\"w3-bar-item w3-button\" href=\"https:\/\/emapa.gob.ec\/portal\/wp-content\/uploads\/2020\/09\/Agosto-2020-a2-Base-legal-que-la-rige.pdf\" target=\"_blank\">a2) Base legal que la rige<\/a>\n<br>\n<a class=\"w3-bar-item w3-button\" href=\"https:\/\/emapa.gob.ec\/portal\/wp-content\/uploads\/2020\/09\/Agosto-2020-a3-Regulaciones-y-procedimientos-internos.pdf\" target=\"_blank\">a3) Regulaciones y procedimientos internos<\/a>\n<br>\n<a class=\"w3-bar-item w3-button\" href=\"https:\/\/emapa.gob.ec\/portal\/wp-content\/uploads\/2020\/09\/Agosto-2020-a4-Metas-y-objetivos-unidades-administrativas.pdf\" target=\"_blank\">a4) Metas y objetivos de las unidades administrativas<\/a>\n<br>\n<a class=\"w3-bar-item w3-button\" href=\"https:\/\/emapa.gob.ec\/portal\/wp-content\/uploads\/2020\/09\/Agosto-2020-b1-Directorio-completo-de-la-instituci\u00f3n.pdf\" target=\"_blank\">b1) Directorio completo de la instituci\u00f3n<\/a>\n<br>\n<a class=\"w3-bar-item w3-button\" href=\"https:\/\/emapa.gob.ec\/portal\/wp-content\/uploads\/2020\/09\/Agosto-2020-b2-Distributivo-de-personal-de-la-instituci\u00f3n.pdf\" target=\"_blank\">b2) Distributivo de personal<\/a>\n<br>\n<a class=\"w3-bar-item w3-button\" href=\"https:\/\/emapa.gob.ec\/portal\/wp-content\/uploads\/2020\/09\/Agosto-2020-c-Remuneraci\u00f3n-mensual-por-puesto.pdf\" target=\"_blank\">c) Remuneraci\u00f3n mensual por puesto<\/a>\n<br>\n<a class=\"w3-bar-item w3-button\" href=\"https:\/\/emapa.gob.ec\/portal\/wp-content\/uploads\/2020\/09\/Agosto-2020-d-Servicios-que-ofrece-y-las-formas-de-acceder-a-ellos.pdf\" target=\"_blank\">d) Servicios que ofrece y las formas de acceder a ellos<\/a>\n<br>\n<a class=\"w3-bar-item w3-button\" href=\"https:\/\/emapa.gob.ec\/portal\/wp-content\/uploads\/2020\/09\/Agosto-2020-e-Texto-integro-de-contratos-colectivos.pdf\" target=\"_blank\">e) Texto \u00edntegro de contratos colectivos vigentes<\/a>\n<br>\n<a class=\"w3-bar-item w3-button\" href=\"https:\/\/emapa.gob.ec\/portal\/wp-content\/uploads\/2020\/09\/Agosto-2020-f1-Formularios-y-formatos-de-solicitudes.pdf\" target=\"_blank\">f1) Formularios o formatos de solicitudes<\/a>\n<br>\n<a class=\"w3-bar-item w3-button\" href=\"https:\/\/emapa.gob.ec\/portal\/wp-content\/uploads\/2018\/06\/Mayo-2018-f2-Formulario-acceso-a-la-informaci%C3%B3n-publica.pdf\" target=\"_blank\">f2) Formato para solicitudes de acceso a la informaci\u00f3n p\u00fablica<\/a>\n<br>\n<a class=\"w3-bar-item w3-button\" href=\"https:\/\/emapa.gob.ec\/portal\/wp-content\/uploads\/2020\/10\/Agosto-2020-g-Presupuesto-de-la-Institucion.pdf\" target=\"_blank\">g) Presupuesto de la instituci\u00f3n<\/a>\n<br>\n<a class=\"w3-bar-item w3-button\" href=\"https:\/\/emapa.gob.ec\/portal\/wp-content\/uploads\/2020\/09\/Agosto-2020-h-Resultados-de-las-auditor\u00edas-internas-y-gubernamentales.pdf\" target=\"_blank\">h) Resultados de auditorias internas y gubernamentales<\/a>\n<br>\n<a class=\"w3-bar-item w3-button\" href=\"https:\/\/emapa.gob.ec\/portal\/wp-content\/uploads\/2020\/09\/Agosto-2020-i-Procesos-de-contrataciones.pdf\" target=\"_blank\">i) Procesos de contrataciones<\/a>\n<br>\n<a class=\"w3-bar-item w3-button\" href=\"https:\/\/emapa.gob.ec\/portal\/wp-content\/uploads\/2020\/09\/Agosto-2020-j-Empresas-y-personas-que-han-incumplido-contratos.pdf\" target=\"_blank\">j) Empresas y personas que han incumplido contratos<\/a>\n<br>\n<a class=\"w3-bar-item w3-button\" href=\"https:\/\/emapa.gob.ec\/portal\/wp-content\/uploads\/2020\/09\/Agosto-2020-k-Planes-y-programas-en-ejecucion.pdf\" target=\"_blank\">k) Planes y programas en ejecuci\u00f3n<\/a>\n<br>\n<a class=\"w3-bar-item w3-button\" href=\"https:\/\/emapa.gob.ec\/portal\/wp-content\/uploads\/2020\/09\/Agosto-2020-l-Contratos-de-cr\u00e9ditos-externos-o-interno.pdf\" target=\"_blank\">l) Contratos de cr\u00e9ditos externos e internos<\/a>\n<br>\n<a class=\"w3-bar-item w3-button\" href=\"https:\/\/emapa.gob.ec\/portal\/wp-content\/uploads\/2020\/09\/Agosto-2020-m-Mecanismos-de-rendici\u00f3n-de-cuentas-a-la-ciudadan\u00eda.pdf\" target=\"_blank\">m) Mecanismos de rendici\u00f3n de cuentas a la ciudadan\u00eda<\/a>\n<br>\n<a class=\"w3-bar-item w3-button\" href=\"https:\/\/emapa.gob.ec\/portal\/wp-content\/uploads\/2020\/09\/Agosto-2020-n-Vi\u00e1ticos-informes-de-trabajo-y-justificativo.pdf\" target=\"_blank\">n) Vi\u00e1ticos, informes de trabajo y justificativos<\/a>\n<br>\n<a class=\"w3-bar-item w3-button\" href=\"https:\/\/emapa.gob.ec\/portal\/wp-content\/uploads\/2020\/09\/Agosto-2020-o-Responsable-de-atender-la-informaci\u00f3n-p\u00fablica.pdf\" target=\"_blank\">o) Responsable de atender la informaci\u00f3n p\u00fablica<\/a>\n<br>\n<a class=\"w3-bar-item w3-button\" href=\"#\" target=\"_blank\">s) Plan de Desarrollo Local y Ordenamiento Territorial<\/a>\n<\/div>\n\t\t\t\t<\/div>\n\t\t\t\t\t\t\t<div class=\"elementor-accordion-item\">\n\t\t\t\t\t<div id=\"elementor-tab-title-10310\" class=\"elementor-tab-title\" data-tab=\"10\" role=\"button\" aria-controls=\"elementor-tab-content-10310\" aria-expanded=\"false\">\n\t\t\t\t\t\t\t\t\t\t\t\t\t<span class=\"elementor-accordion-icon elementor-accordion-icon-right\" aria-hidden=\"true\">\n\t\t\t\t\t\t\t\t\t\t\t\t\t\t\t<span class=\"elementor-accordion-icon-closed\"><i class=\"fas fa-plus-circle\"><\/i><\/span>\n\t\t\t\t\t\t\t\t<span class=\"elementor-accordion-icon-opened\"><i class=\"fas fa-minus-circle\"><\/i><\/span>\n\t\t\t\t\t\t\t\t\t\t\t\t\t\t<\/span>\n\t\t\t\t\t\t\t\t\t\t\t\t<a class=\"elementor-accordion-title\" tabindex=\"0\">Octubre<\/a>\n\t\t\t\t\t<\/div>\n\t\t\t\t\t<div id=\"elementor-tab-content-10310\" class=\"elementor-tab-content elementor-clearfix\" data-tab=\"10\" role=\"region\" aria-labelledby=\"elementor-tab-title-10310\">Informaci\u00f3n correspondiente al mes de Septiembre del 2020\n<br>\n<a class=\"w3-bar-item w3-button\" href=\"https:\/\/emapa.gob.ec\/portal\/wp-content\/uploads\/2020\/10\/Septiembre-2020-a1-Estructura-organica-funcional.pdf\" target=\"_blank\" >a1) Estructura org\u00e1nica funcional<\/a>\n<br>\n<a class=\"w3-bar-item w3-button\" href=\"https:\/\/emapa.gob.ec\/portal\/wp-content\/uploads\/2020\/10\/Septiembre-2020-a2-Base-legal-que-la-rige.pdf\" target=\"_blank\">a2) Base legal que la rige<\/a>\n<br>\n<a class=\"w3-bar-item w3-button\" href=\"https:\/\/emapa.gob.ec\/portal\/wp-content\/uploads\/2020\/10\/Septiembre-2020-a3-Regulaciones-y-procedimientos-internos.pdf\" target=\"_blank\">a3) Regulaciones y procedimientos internos<\/a>\n<br>\n<a class=\"w3-bar-item w3-button\" href=\"https:\/\/emapa.gob.ec\/portal\/wp-content\/uploads\/2020\/10\/9-LOTAIP-2020-SEPTIEMBRE-1.xlsx\" target=\"_blank\">a4) Metas y objetivos de las unidades administrativas<\/a>\n<br>\n<a class=\"w3-bar-item w3-button\" href=\"https:\/\/emapa.gob.ec\/portal\/wp-content\/uploads\/2020\/10\/Septiembre-2020-b1-Directorio-completo-de-la-institucion.pdf\" target=\"_blank\">b1) Directorio completo de la instituci\u00f3n<\/a>\n<br>\n<a class=\"w3-bar-item w3-button\" href=\"https:\/\/emapa.gob.ec\/portal\/wp-content\/uploads\/2020\/10\/Septiembre-2020-b2-Distributivo-de-personal-de-la-institucion.pdf\" target=\"_blank\">b2) Distributivo de personal<\/a>\n<br>\n<a class=\"w3-bar-item w3-button\" href=\"https:\/\/emapa.gob.ec\/portal\/wp-content\/uploads\/2020\/10\/Septiembre-2020-c-Remuneracion-mensual-por-puesto.pdf\" target=\"_blank\">c) Remuneraci\u00f3n mensual por puesto<\/a>\n<br>\n<a class=\"w3-bar-item w3-button\" href=\"https:\/\/emapa.gob.ec\/portal\/wp-content\/uploads\/2020\/10\/Septiembre-2020-d-Servicios-que-ofrece-y-las-formas-de-acceder-a-ellos.pdf\" target=\"_blank\">d) Servicios que ofrece y las formas de acceder a ellos<\/a>\n<br>\n<a class=\"w3-bar-item w3-button\" href=\"https:\/\/emapa.gob.ec\/portal\/wp-content\/uploads\/2020\/10\/Septiembre-2020-e-Texto-integro-de-contratos-colectivos.pdf\" target=\"_blank\">e) Texto \u00edntegro de contratos colectivos vigentes<\/a>\n<br>\n<a class=\"w3-bar-item w3-button\" href=\"https:\/\/emapa.gob.ec\/portal\/wp-content\/uploads\/2020\/10\/Septiembre-2020-f1-Formularios-y-formatos-de-solicitudes.pdf\" target=\"_blank\">f1) Formularios o formatos de solicitudes<\/a>\n<br>\n<a class=\"w3-bar-item w3-button\" href=\"https:\/\/emapa.gob.ec\/portal\/wp-content\/uploads\/2018\/06\/Mayo-2018-f2-Formulario-acceso-a-la-informaci%C3%B3n-publica.pdf\" target=\"_blank\">f2) Formato para solicitudes de acceso a la informaci\u00f3n p\u00fablica<\/a>\n<br>\n<a class=\"w3-bar-item w3-button\" href=\"https:\/\/emapa.gob.ec\/portal\/wp-content\/uploads\/2020\/11\/Septiembre-2020-g-Presupuesto-de-la-Institucion.pdf\" target=\"_blank\">g) Presupuesto de la instituci\u00f3n<\/a>\n<br>\n<a class=\"w3-bar-item w3-button\" href=\"https:\/\/emapa.gob.ec\/portal\/wp-content\/uploads\/2020\/10\/Septiembre-2020-h-Resultados-de-las-auditorias-internas-y-gubernamentales.pdf\" target=\"_blank\">h) Resultados de auditorias internas y gubernamentales<\/a>\n<br>\n<a class=\"w3-bar-item w3-button\" href=\"https:\/\/emapa.gob.ec\/portal\/wp-content\/uploads\/2020\/10\/Septiembre-2020-i-Procesos-de-contrataciones.pdf\" target=\"_blank\">i) Procesos de contrataciones<\/a>\n<br>\n<a class=\"w3-bar-item w3-button\" href=\"https:\/\/emapa.gob.ec\/portal\/wp-content\/uploads\/2020\/10\/Septiembre-2020-j-Empresas-y-personas-que-han-incumplido-contratos.pdf\" target=\"_blank\">j) Empresas y personas que han incumplido contratos<\/a>\n<br>\n<a class=\"w3-bar-item w3-button\" href=\"https:\/\/emapa.gob.ec\/portal\/wp-content\/uploads\/2020\/10\/Septiembre-2020-k-Planes-y-programas-en-ejecucion.pdf\" target=\"_blank\">k) Planes y programas en ejecuci\u00f3n<\/a>\n<br>\n<a class=\"w3-bar-item w3-button\" href=\"https:\/\/emapa.gob.ec\/portal\/wp-content\/uploads\/2020\/10\/Septiembre-2020-l-Contratos-de-creditos-externos-o-interno.pdf\" target=\"_blank\">l) Contratos de cr\u00e9ditos externos e internos<\/a>\n<br>\n<a class=\"w3-bar-item w3-button\" href=\"https:\/\/emapa.gob.ec\/portal\/wp-content\/uploads\/2020\/10\/Septiembre-2020-m-Mecanismos-de-rendicion-de-cuentas-a-la-ciudadania.pdf\" target=\"_blank\">m) Mecanismos de rendici\u00f3n de cuentas a la ciudadan\u00eda<\/a>\n<br>\n<a class=\"w3-bar-item w3-button\" href=\"https:\/\/emapa.gob.ec\/portal\/wp-content\/uploads\/2020\/10\/Septiembre-2020-n-Viaticos-informes-de-trabajo-y-justificativo.pdf\" target=\"_blank\">n) Vi\u00e1ticos, informes de trabajo y justificativos<\/a>\n<br>\n<a class=\"w3-bar-item w3-button\" href=\"https:\/\/emapa.gob.ec\/portal\/wp-content\/uploads\/2020\/10\/Septiembre-2020-o-Responsable-de-atender-la-informacion-publica.pdf\" target=\"_blank\">o) Responsable de atender la informaci\u00f3n p\u00fablica<\/a>\n<br>\n<a class=\"w3-bar-item w3-button\" href=\"#\" target=\"_blank\">s) Plan de Desarrollo Local y Ordenamiento Territorial<\/a>\n<\/div>\n\t\t\t\t<\/div>\n\t\t\t\t\t\t\t<div class=\"elementor-accordion-item\">\n\t\t\t\t\t<div id=\"elementor-tab-title-10311\" class=\"elementor-tab-title\" data-tab=\"11\" role=\"button\" aria-controls=\"elementor-tab-content-10311\" aria-expanded=\"false\">\n\t\t\t\t\t\t\t\t\t\t\t\t\t<span class=\"elementor-accordion-icon elementor-accordion-icon-right\" aria-hidden=\"true\">\n\t\t\t\t\t\t\t\t\t\t\t\t\t\t\t<span class=\"elementor-accordion-icon-closed\"><i class=\"fas fa-plus-circle\"><\/i><\/span>\n\t\t\t\t\t\t\t\t<span class=\"elementor-accordion-icon-opened\"><i class=\"fas fa-minus-circle\"><\/i><\/span>\n\t\t\t\t\t\t\t\t\t\t\t\t\t\t<\/span>\n\t\t\t\t\t\t\t\t\t\t\t\t<a class=\"elementor-accordion-title\" tabindex=\"0\">Noviembre<\/a>\n\t\t\t\t\t<\/div>\n\t\t\t\t\t<div id=\"elementor-tab-content-10311\" class=\"elementor-tab-content elementor-clearfix\" data-tab=\"11\" role=\"region\" aria-labelledby=\"elementor-tab-title-10311\">Informaci\u00f3n correspondiente al mes de Octubre del 2020\n<br>\n<a class=\"w3-bar-item w3-button\" href=\"https:\/\/emapa.gob.ec\/portal\/wp-content\/uploads\/2020\/11\/Octubre-2020-a1-Estructura-organica-funcional.pdf\" target=\"_blank\" >a1) Estructura org\u00e1nica funcional<\/a>\n<br>\n<a class=\"w3-bar-item w3-button\" href=\"https:\/\/emapa.gob.ec\/portal\/wp-content\/uploads\/2020\/11\/Octubre-2020-a2-Base-legal-que-la-rige.pdf\" target=\"_blank\">a2) Base legal que la rige<\/a>\n<br>\n<a class=\"w3-bar-item w3-button\" href=\"https:\/\/emapa.gob.ec\/portal\/wp-content\/uploads\/2020\/11\/Octubre-2020-a3-Regulaciones-y-procedimientos-internos.pdf\" target=\"_blank\">a3) Regulaciones y procedimientos internos<\/a>\n<br>\n<a class=\"w3-bar-item w3-button\" href=\"https:\/\/emapa.gob.ec\/portal\/wp-content\/uploads\/2020\/11\/Octubre-2020-a4-Metas-y-objetivos-unidades-administrativas.pdf\" target=\"_blank\">a4) Metas y objetivos de las unidades administrativas<\/a>\n<br>\n<a class=\"w3-bar-item w3-button\" href=\"https:\/\/emapa.gob.ec\/portal\/wp-content\/uploads\/2020\/11\/Octubre-2020-b1-Directorio-completo-de-la-institucion.pdf\" target=\"_blank\">b1) Directorio completo de la instituci\u00f3n<\/a>\n<br>\n<a class=\"w3-bar-item w3-button\" href=\"https:\/\/emapa.gob.ec\/portal\/wp-content\/uploads\/2020\/11\/Octubre-2020-b2-Distributivo-de-personal-de-la-institucion.pdf\" target=\"_blank\">b2) Distributivo de personal<\/a>\n<br>\n<a class=\"w3-bar-item w3-button\" href=\"https:\/\/emapa.gob.ec\/portal\/wp-content\/uploads\/2020\/11\/Octubre-2020-c-Remuneracion-mensual-por-puesto.pdf\" target=\"_blank\">c) Remuneraci\u00f3n mensual por puesto<\/a>\n<br>\n<a class=\"w3-bar-item w3-button\" href=\"https:\/\/emapa.gob.ec\/portal\/wp-content\/uploads\/2020\/12\/Octubre-2020-d-Servicios-que-ofrece-y-las-formas-de-acceder-a-ellos-1.pdf\" target=\"_blank\">d) Servicios que ofrece y las formas de acceder a ellos<\/a>\n<br>\n<a class=\"w3-bar-item w3-button\" href=\"https:\/\/emapa.gob.ec\/portal\/wp-content\/uploads\/2020\/11\/Octubre-2020-e-Texto-integro-de-contratos-colectivos.pdf\" target=\"_blank\">e) Texto \u00edntegro de contratos colectivos vigentes<\/a>\n<br>\n<a class=\"w3-bar-item w3-button\" href=\"https:\/\/emapa.gob.ec\/portal\/wp-content\/uploads\/2020\/12\/Octubre-2020-f1-Formularios-y-formatos-de-solicitudes-1.pdf\" target=\"_blank\">f1) Formularios o formatos de solicitudes<\/a>\n<br>\n<a class=\"w3-bar-item w3-button\" href=\"https:\/\/emapa.gob.ec\/portal\/wp-content\/uploads\/2018\/06\/Mayo-2018-f2-Formulario-acceso-a-la-informaci%C3%B3n-publica.pdf\" target=\"_blank\">f2) Formato para solicitudes de acceso a la informaci\u00f3n p\u00fablica<\/a>\n<br>\n<a class=\"w3-bar-item w3-button\" href=\"https:\/\/emapa.gob.ec\/portal\/wp-content\/uploads\/2020\/12\/Octubre-2020-g-Presupuesto-de-la-Institucion.pdf\" target=\"_blank\">g) Presupuesto de la instituci\u00f3n<\/a>\n<br>\n<a class=\"w3-bar-item w3-button\" href=\"https:\/\/emapa.gob.ec\/portal\/wp-content\/uploads\/2020\/11\/Octubre-2020-h-Resultados-de-las-auditorias-internas-y-gubernamentales.pdf\" target=\"_blank\">h) Resultados de auditorias internas y gubernamentales<\/a>\n<br>\n<a class=\"w3-bar-item w3-button\" href=\"https:\/\/emapa.gob.ec\/portal\/wp-content\/uploads\/2020\/11\/Octubre-2020-i-Procesos-de-contrataciones.pdf\" target=\"_blank\">i) Procesos de contrataciones<\/a>\n<br>\n<a class=\"w3-bar-item w3-button\" href=\"https:\/\/emapa.gob.ec\/portal\/wp-content\/uploads\/2020\/11\/Octubre-2020-j-Empresas-y-personas-que-han-incumplido-contratos.pdf\" target=\"_blank\">j) Empresas y personas que han incumplido contratos<\/a>\n<br>\n<a class=\"w3-bar-item w3-button\" href=\"https:\/\/emapa.gob.ec\/portal\/wp-content\/uploads\/2020\/12\/Noviembre-2020-k-Planes-y-programas-en-ejecucion.pdf\" target=\"_blank\">k) Planes y programas en ejecuci\u00f3n<\/a>\n<br>\n<a class=\"w3-bar-item w3-button\" href=\"https:\/\/emapa.gob.ec\/portal\/wp-content\/uploads\/2020\/11\/Octubre-2020-l-Contratos-de-creditos-externos-o-interno.pdf\" target=\"_blank\">l) Contratos de cr\u00e9ditos externos e internos<\/a>\n<br>\n<a class=\"w3-bar-item w3-button\" href=\"https:\/\/emapa.gob.ec\/portal\/wp-content\/uploads\/2020\/11\/Octubre-2020-m-Mecanismos-de-rendicion-de-cuentas-a-la-ciudadania.pdf\" target=\"_blank\">m) Mecanismos de rendici\u00f3n de cuentas a la ciudadan\u00eda<\/a>\n<br>\n<a class=\"w3-bar-item w3-button\" href=\"https:\/\/emapa.gob.ec\/portal\/wp-content\/uploads\/2020\/11\/Octubre-2020-n-Viaticos-informes-de-trabajo-y-justificativo.pdf\" target=\"_blank\">n) Vi\u00e1ticos, informes de trabajo y justificativos<\/a>\n<br>\n<a class=\"w3-bar-item w3-button\" href=\"https:\/\/emapa.gob.ec\/portal\/wp-content\/uploads\/2020\/11\/Septiembre-2020-o-Responsable-de-atender-la-informacion-publica.pdf\" target=\"_blank\">o) Responsable de atender la informaci\u00f3n p\u00fablica<\/a>\n<br>\n<a class=\"w3-bar-item w3-button\" href=\"\" target=\"_blank\">s) Plan de Desarrollo Local y Ordenamiento Territorial<\/a>\n<\/div>\n\t\t\t\t<\/div>\n\t\t\t\t\t\t\t<div class=\"elementor-accordion-item\">\n\t\t\t\t\t<div id=\"elementor-tab-title-10312\" class=\"elementor-tab-title\" data-tab=\"12\" role=\"button\" aria-controls=\"elementor-tab-content-10312\" aria-expanded=\"false\">\n\t\t\t\t\t\t\t\t\t\t\t\t\t<span class=\"elementor-accordion-icon elementor-accordion-icon-right\" aria-hidden=\"true\">\n\t\t\t\t\t\t\t\t\t\t\t\t\t\t\t<span class=\"elementor-accordion-icon-closed\"><i class=\"fas fa-plus-circle\"><\/i><\/span>\n\t\t\t\t\t\t\t\t<span class=\"elementor-accordion-icon-opened\"><i class=\"fas fa-minus-circle\"><\/i><\/span>\n\t\t\t\t\t\t\t\t\t\t\t\t\t\t<\/span>\n\t\t\t\t\t\t\t\t\t\t\t\t<a class=\"elementor-accordion-title\" tabindex=\"0\">Diciembre<\/a>\n\t\t\t\t\t<\/div>\n\t\t\t\t\t<div id=\"elementor-tab-content-10312\" class=\"elementor-tab-content elementor-clearfix\" data-tab=\"12\" role=\"region\" aria-labelledby=\"elementor-tab-title-10312\">Informaci\u00f3n correspondiente al mes de Noviembre del 2020\n<br>\n<a class=\"w3-bar-item w3-button\" href=\"https:\/\/emapa.gob.ec\/portal\/wp-content\/uploads\/2020\/12\/Noviembre-2020-a1-Estructura-organica-funcional.pdf\" target=\"_blank\" >a1) Estructura org\u00e1nica funcional<\/a>\n<br>\n<a class=\"w3-bar-item w3-button\" href=\"https:\/\/emapa.gob.ec\/portal\/wp-content\/uploads\/2020\/12\/Noviembre-2020-a2-Base-legal-que-la-rige.pdf\" target=\"_blank\">a2) Base legal que la rige<\/a>\n<br>\n<a class=\"w3-bar-item w3-button\" href=\"https:\/\/emapa.gob.ec\/portal\/wp-content\/uploads\/2020\/12\/Noviembre-2020-a3-Regulaciones-y-procedimientos-internos.pdf\" target=\"_blank\">a3) Regulaciones y procedimientos internos<\/a>\n<br>\n<a class=\"w3-bar-item w3-button\" href=\"https:\/\/emapa.gob.ec\/portal\/wp-content\/uploads\/2020\/12\/Noviembre-2020-a4-Metas-y-objetivos-unidades-administrativas.pdf\" target=\"_blank\">a4) Metas y objetivos de las unidades administrativas<\/a>\n<br>\n<a class=\"w3-bar-item w3-button\" href=\"https:\/\/emapa.gob.ec\/portal\/wp-content\/uploads\/2020\/12\/Noviembre-2020-b1-Directorio-completo-de-la-institucion.pdf\" target=\"_blank\">b1) Directorio completo de la instituci\u00f3n<\/a>\n<br>\n<a class=\"w3-bar-item w3-button\" href=\"https:\/\/emapa.gob.ec\/portal\/wp-content\/uploads\/2020\/12\/Noviembre-2020-b2-Distributivo-de-personal-de-la-institucion.pdf\" target=\"_blank\">b2) Distributivo de personal<\/a>\n<br>\n<a class=\"w3-bar-item w3-button\" href=\"https:\/\/emapa.gob.ec\/portal\/wp-content\/uploads\/2020\/12\/Noviembre-2020-c-Remuneracion-mensual-por-puesto.pdf\" target=\"_blank\">c) Remuneraci\u00f3n mensual por puesto<\/a>\n<br>\n<a class=\"w3-bar-item w3-button\" href=\"https:\/\/emapa.gob.ec\/portal\/wp-content\/uploads\/2020\/12\/Noviembre-2020-d-Servicios-que-ofrece-y-las-formas-de-acceder-a-ellos.pdf\" target=\"_blank\">d) Servicios que ofrece y las formas de acceder a ellos<\/a>\n<br>\n<a class=\"w3-bar-item w3-button\" href=\"https:\/\/emapa.gob.ec\/portal\/wp-content\/uploads\/2020\/12\/Noviembre-2020-e-Texto-integro-de-contratos-colectivos.pdf\" target=\"_blank\">e) Texto \u00edntegro de contratos colectivos vigentes<\/a>\n<br>\n<a class=\"w3-bar-item w3-button\" href=\"https:\/\/emapa.gob.ec\/portal\/wp-content\/uploads\/2020\/12\/Noviembre-2020-f1-Formularios-y-formatos-de-solicitudes.pdf\" target=\"_blank\">f1) Formularios o formatos de solicitudes<\/a>\n<br>\n<a class=\"w3-bar-item w3-button\" href=\"https:\/\/emapa.gob.ec\/portal\/wp-content\/uploads\/2018\/09\/Agosto-2018-f2-Formulario-acceso-a-la-informaci%C3%B3n-publica.pdf\" target=\"_blank\">f2) Formato para solicitudes de acceso a la informaci\u00f3n p\u00fablica<\/a>\n<br>\n<a class=\"w3-bar-item w3-button\" href=\"https:\/\/emapa.gob.ec\/portal\/wp-content\/uploads\/2021\/01\/Noviembre-2020-g-Presupuesto-de-la-Institucion.pdf\" target=\"_blank\">g) Presupuesto de la instituci\u00f3n<\/a>\n<br>\n<a class=\"w3-bar-item w3-button\" href=\"https:\/\/emapa.gob.ec\/portal\/wp-content\/uploads\/2020\/12\/Noviembre-2020-h-Resultados-de-las-auditorias-internas-y-gubernamentales.pdf\" target=\"_blank\">h) Resultados de auditorias internas y gubernamentales<\/a>\n<br>\n<a class=\"w3-bar-item w3-button\" href=\"https:\/\/emapa.gob.ec\/portal\/wp-content\/uploads\/2020\/12\/Noviembre-2020-i-Procesos-de-contrataciones.pdf\" target=\"_blank\">i) Procesos de contrataciones<\/a>\n<br>\n<a class=\"w3-bar-item w3-button\" href=\"https:\/\/emapa.gob.ec\/portal\/wp-content\/uploads\/2020\/12\/Noviembre-2020-j-Empresas-y-personas-que-han-incumplido-contratos.pdf\" target=\"_blank\">j) Empresas y personas que han incumplido contratos<\/a>\n<br>\n<a class=\"w3-bar-item w3-button\" href=\"https:\/\/emapa.gob.ec\/portal\/wp-content\/uploads\/2020\/12\/Noviembre-2020-k-Planes-y-programas-en-ejecucion.pdf\" target=\"_blank\">k) Planes y programas en ejecuci\u00f3n<\/a>\n<br>\n<a class=\"w3-bar-item w3-button\" href=\"https:\/\/emapa.gob.ec\/portal\/wp-content\/uploads\/2020\/12\/Noviembre-2020-l-Contratos-de-creditos-externos-o-interno.pdf\" target=\"_blank\">l) Contratos de cr\u00e9ditos externos e internos<\/a>\n<br>\n<a class=\"w3-bar-item w3-button\" href=\"https:\/\/emapa.gob.ec\/portal\/wp-content\/uploads\/2020\/12\/Noviembre-2020-m-Mecanismos-de-rendicion-de-cuentas-a-la-ciudadania.pdf\" target=\"_blank\">m) Mecanismos de rendici\u00f3n de cuentas a la ciudadan\u00eda<\/a>\n<br>\n<a class=\"w3-bar-item w3-button\" href=\"https:\/\/emapa.gob.ec\/portal\/wp-content\/uploads\/2020\/12\/Noviembre-2020-n-Viaticos-informes-de-trabajo-y-justificativo.pdf\" target=\"_blank\">n) Vi\u00e1ticos, informes de trabajo y justificativos<\/a>\n<br>\n<a class=\"w3-bar-item w3-button\" href=\"https:\/\/emapa.gob.ec\/portal\/wp-content\/uploads\/2020\/12\/Noviembre-2020-o-Responsable-de-atender-la-informacion-publica.pdf\" target=\"_blank\">o) Responsable de atender la informaci\u00f3n p\u00fablica<\/a>\n<br>\n<a class=\"w3-bar-item w3-button\" href=\"#\" target=\"_blank\">s) Plan de Desarrollo Local y Ordenamiento Territorial<\/a>\n<\/div>\n\t\t\t\t<\/div>\n\t\t\t\t\t\t\t\t<\/div>\n\t\t\t\t\t\t<\/div>\n\t\t\t\t<\/div>\n\t\t\t\t\t<\/div>\n\t\t<\/div>\n\t\t\t\t\t<\/div>\n\t\t<\/section>\n\t\t\t\t<\/div>\n\t\t","protected":false},"excerpt":{"rendered":"<p>LOTAIP 2020 Enero Informaci\u00f3n correspondiente al mes de Diciembre del 2019a1) Estructura org\u00e1nica funcionala2) Base legal que la rigea3) Regulaciones y procedimientos internosa4) Metas y objetivos de las unidades administrativasb1) Directorio completo de la instituci\u00f3nb2) Distributivo de personalc) Remuneraci\u00f3n mensual por puestod) Servicios que ofrece y las formas de acceder a ellose) Texto \u00edntegro de [&hellip;]<\/p>\n","protected":false},"author":1,"featured_media":0,"parent":0,"menu_order":0,"comment_status":"closed","ping_status":"closed","template":"","meta":{"site-sidebar-layout":"no-sidebar","site-content-layout":"page-builder","ast-site-content-layout":"default","site-content-style":"default","site-sidebar-style":"default","ast-global-header-display":"","ast-banner-title-visibility":"","ast-main-header-display":"","ast-hfb-above-header-display":"","ast-hfb-below-header-display":"","ast-hfb-mobile-header-display":"","site-post-title":"disabled","ast-breadcrumbs-content":"","ast-featured-img":"disabled","footer-sml-layout":"","ast-disable-related-posts":"","theme-transparent-header-meta":"","adv-header-id-meta":"","stick-header-meta":"","header-above-stick-meta":"","header-main-stick-meta":"","header-below-stick-meta":"","astra-migrate-meta-layouts":"default","ast-page-background-enabled":"default","ast-page-background-meta":{"desktop":{"background-color":"var(--ast-global-color-4)","background-image":"","background-repeat":"repeat","background-position":"center center","background-size":"auto","background-attachment":"scroll","background-type":"","background-media":"","overlay-type":"","overlay-color":"","overlay-opacity":"","overlay-gradient":""},"tablet":{"background-color":"","background-image":"","background-repeat":"repeat","background-position":"center center","background-size":"auto","background-attachment":"scroll","background-type":"","background-media":"","overlay-type":"","overlay-color":"","overlay-opacity":"","overlay-gradient":""},"mobile":{"background-color":"","background-image":"","background-repeat":"repeat","background-position":"center center","background-size":"auto","background-attachment":"scroll","background-type":"","background-media":"","overlay-type":"","overlay-color":"","overlay-opacity":"","overlay-gradient":""}},"ast-content-background-meta":{"desktop":{"background-color":"var(--ast-global-color-5)","background-image":"","background-repeat":"repeat","background-position":"center center","background-size":"auto","background-attachment":"scroll","background-type":"","background-media":"","overlay-type":"","overlay-color":"","overlay-opacity":"","overlay-gradient":""},"tablet":{"background-color":"var(--ast-global-color-5)","background-image":"","background-repeat":"repeat","background-position":"center center","background-size":"auto","background-attachment":"scroll","background-type":"","background-media":"","overlay-type":"","overlay-color":"","overlay-opacity":"","overlay-gradient":""},"mobile":{"background-color":"var(--ast-global-color-5)","background-image":"","background-repeat":"repeat","background-position":"center center","background-size":"auto","background-attachment":"scroll","background-type":"","background-media":"","overlay-type":"","overlay-color":"","overlay-opacity":"","overlay-gradient":""}},"footnotes":""},"class_list":["post-1068","page","type-page","status-publish","hentry"],"_links":{"self":[{"href":"https:\/\/emapa.gob.ec\/index.php?rest_route=\/wp\/v2\/pages\/1068","targetHints":{"allow":["GET"]}}],"collection":[{"href":"https:\/\/emapa.gob.ec\/index.php?rest_route=\/wp\/v2\/pages"}],"about":[{"href":"https:\/\/emapa.gob.ec\/index.php?rest_route=\/wp\/v2\/types\/page"}],"author":[{"embeddable":true,"href":"https:\/\/emapa.gob.ec\/index.php?rest_route=\/wp\/v2\/users\/1"}],"replies":[{"embeddable":true,"href":"https:\/\/emapa.gob.ec\/index.php?rest_route=%2Fwp%2Fv2%2Fcomments&post=1068"}],"version-history":[{"count":104,"href":"https:\/\/emapa.gob.ec\/index.php?rest_route=\/wp\/v2\/pages\/1068\/revisions"}],"predecessor-version":[{"id":2733,"href":"https:\/\/emapa.gob.ec\/index.php?rest_route=\/wp\/v2\/pages\/1068\/revisions\/2733"}],"wp:attachment":[{"href":"https:\/\/emapa.gob.ec\/index.php?rest_route=%2Fwp%2Fv2%2Fmedia&parent=1068"}],"curies":[{"name":"wp","href":"https:\/\/api.w.org\/{rel}","templated":true}]}}